{"id":9329,"date":"2020-03-24T14:15:20","date_gmt":"2020-03-24T13:15:20","guid":{"rendered":"https:\/\/www.schramas.com\/?post_type=product&#038;p=9329"},"modified":"2026-03-26T16:33:54","modified_gmt":"2026-03-26T15:33:54","slug":"spargelfest-2-liter-glas","status":"publish","type":"product","link":"https:\/\/www.schramas.com\/de\/shop\/spargelfest-2-liter-glas\/","title":{"rendered":"2er-Set Asparagus officinalis - \u2018Vegalim\u2019, \u2018Vitalim\u2019 - Gr\u00fcn und wei\u00df - 2-Liter-Topf"},"content":{"rendered":"<p data-start=\"525\" data-end=\"835\">Dieses Set aus 2 Asparagus officinalis-Pflanzen besteht aus zwei kr\u00e4ftigen und weit verbreiteten Spargelsorten: dem gr\u00fcnen Spargel \u2018Vegalim\u2019 und dem wei\u00dfen Spargel \u2018Vitalim\u2019. Mit dieser Kombination holen Sie sich sowohl gr\u00fcnen als auch wei\u00dfen Spargel ins Haus und legen den Grundstein f\u00fcr ein vielseitiges und ertragreiches Spargelbeet im Gem\u00fcsegarten.<\/p>\n<p data-start=\"837\" data-end=\"1105\">Spargel ist eine mehrj\u00e4hrige Gem\u00fcsepflanze, die nach der Pflanzung mehrere Jahre \u00fcberdauert und jedes Jahr neu geerntet werden kann. Wenn man junge Pflanzen in T\u00f6pfe pflanzt, schlagen sie schnell aus und k\u00f6nnen sich gut zu kr\u00e4ftigen Spargelpflanzen mit zuverl\u00e4ssigen Ertr\u00e4gen entwickeln.<\/p>\n<p data-start=\"1107\" data-end=\"1276\">Inhalt dieses Sets<br data-start=\"1126\" data-end=\"1129\" \/>- 1 x Asparagus officinalis \u2018Vegalim\u2019 - Gr\u00fcner Spargel<br data-start=\"1183\" data-end=\"1186\" \/>- 1 x Asparagus officinalis \u2018Vitalim\u2019 - wei\u00dfer Spargel<br data-start=\"1239\" data-end=\"1242\" \/>- Gesamtzahl der Pflanzen: 2<\/p>\n<p data-start=\"1278\" data-end=\"1329\">\u00dcber Asparagus officinalis \u2018Vegalim\u2019 &amp; \u2018Vitalim\u2019<\/p>\n<p data-start=\"1331\" data-end=\"1596\">\u2018Vegalim\u2019 ist eine Sorte, die sich besonders f\u00fcr den Anbau von Gr\u00fcnspargel eignet. Die Stangen wachsen oberirdisch und werden durch Lichteinwirkung gr\u00fcn. Gr\u00fcnspargel hat einen kr\u00e4ftigen, aromatischen Geschmack und ist ohne Erdung leicht zu ernten.<\/p>\n<p data-start=\"1598\" data-end=\"1834\">\u2018Vitalim\u2019 ist eine Sorte f\u00fcr den Anbau von wei\u00dfem Spargel. Die Stangen wachsen unterirdisch und bleiben wei\u00df, weil sie kein Licht bekommen. Diese Sorte muss gestochen werden, um sch\u00f6nen, wei\u00dfen Spargel mit einem milden, delikaten Geschmack zu ernten.<\/p>\n<p data-start=\"1836\" data-end=\"2160\">Spargelpflanzen bilden im Sommer feines, farnartiges Laub, das Energie f\u00fcr die n\u00e4chste Saison speichert. Im Herbst stirbt dieses oberirdische Laub vollst\u00e4ndig ab. Im Winter ist die Pflanze oberirdisch nicht sichtbar, bevor sie im Fr\u00fchjahr wieder neu austreibt. Dies ist ein normaler und wichtiger Teil des Wachstumszyklus.<\/p>\n<p data-start=\"2162\" data-end=\"2531\">Spezifikationen<br data-start=\"2175\" data-end=\"2178\" \/>- Topfgr\u00f6\u00dfe: 2 Liter<br data-start=\"2196\" data-end=\"2199\" \/>- Anzahl der Pflanzen: 2<br data-start=\"2218\" data-end=\"2221\" \/>- Port de la plante : polf\u00f6rmig<br data-start=\"2245\" data-end=\"2248\" \/>- Standort: volle Sonne<br data-start=\"2272\" data-end=\"2275\" \/>- Bodentyp: durchl\u00e4ssig, humusreich<br data-start=\"2315\" data-end=\"2318\" \/>- Ernte: Fr\u00fchjahr (nach der Etablierungsphase)<br data-start=\"2358\" data-end=\"2361\" \/>- Blatt: fein, gr\u00fcn, sommerlich<br data-start=\"2388\" data-end=\"2391\" \/>- Aussehen im Winter: kein oberirdisches Laub<br data-start=\"2427\" data-end=\"2430\" \/>- Widerstandsf\u00e4higkeit: gute Winterh\u00e4rte<br data-start=\"2463\" data-end=\"2466\" data-is-only-node=\"\" \/>- Lebensdauer: mehrj\u00e4hrig<br data-start=\"2489\" data-end=\"2492\" \/>- Geeignet f\u00fcr: Gem\u00fcsegarten, Spargelbeet<\/p>\n<p data-start=\"2533\" data-end=\"2775\">Mit diesem Set aus 2 Spargelpflanzen holen Sie sich eine langlebige und schmackhafte Gem\u00fcsepflanze nach Hause, die \u00fcber Jahre hinweg Ertr\u00e4ge liefern kann. Die Kombination aus einer gr\u00fcnen und einer wei\u00dfen Sorte erm\u00f6glicht Ihnen eine abwechslungsreiche Ernte und Zubereitung, direkt aus Ihrem eigenen Garten.<\/p>\n<p data-start=\"2777\" data-end=\"2887\">Kombinieren Sie diesen Spargel mit anderen mehrj\u00e4hrigen Gem\u00fcsepflanzen f\u00fcr einen produktiven und ordentlichen Gem\u00fcsegarten.<\/p>","protected":false},"excerpt":{"rendered":"<p>- Satz von 2 Spargelpflanzen (Asparagus officinalis)<br data-start=\"98\" data-end=\"101\" \/>- Sorten: \u2018Vegalim\u2019 (gr\u00fcner Spargel) und \u2018Vitalim\u2019 (wei\u00dfer Spargel)<br data-start=\"166\" data-end=\"169\" \/>- Topfgr\u00f6\u00dfe: 2 Liter<br data-start=\"187\" data-end=\"190\" \/>- Mehrj\u00e4hrige essbare Gem\u00fcsepflanze<br data-start=\"224\" data-end=\"227\" \/>- Hoher Ertrag und ausgezeichneter Geschmack<br data-start=\"308\" data-end=\"311\" \/>- L\u00e4uft im Fr\u00fchjahr wieder aus<br data-start=\"346\" data-end=\"349\" \/>- Standort: volle Sonne<br data-start=\"373\" data-end=\"376\" \/>- Gute Winterh\u00e4rte<\/p>","protected":false},"featured_media":65058,"template":"","meta":{"_joinchat":[]},"product_brand":[],"product_cat":[760,4391,867,1012,305,306],"product_tag":[722,4383,723,4387,4390,4389,4382,4386,4374,589,4384,724,4388,725,733,520,4385,726],"class_list":{"0":"post-9329","1":"product","2":"type-product","3":"status-publish","4":"has-post-thumbnail","6":"product_cat-asperges","7":"product_cat-eetbaar","8":"product_cat-pakket-deals","9":"product_cat-overige-deals","10":"product_cat-planten-heesters","11":"product_cat-vaste-planten","12":"product_tag-aspagus","13":"product_tag-asparagus-officinalis","14":"product_tag-asperge","15":"product_tag-asperge-moestuin","16":"product_tag-asperge-plant-pot","17":"product_tag-asperge-teelt-tuin","18":"product_tag-aspergeplant-kopen","19":"product_tag-aspergeplanten-set","20":"product_tag-eetbare-vaste-plant","21":"product_tag-groen","22":"product_tag-groene-asperge-vegalim","23":"product_tag-groente","24":"product_tag-meerjarige-groenteplant","25":"product_tag-paars","26":"product_tag-speciale-aanbieding","27":"product_tag-wit","28":"product_tag-witte-asperge-vitalim","29":"product_tag-zelf-kweken","30":"pa_groeihoogte-100-200-cm","31":"pa_pot-zonder-pot","33":"first","34":"outofstock","35":"taxable","36":"shipping-taxable","37":"purchasable","38":"product-type-simple"},"yoast_head":"<!-- This site is optimized with the Yoast SEO plugin v24.2 - https:\/\/yoast.com\/wordpress\/plugins\/seo\/ -->\n<title>Set van 2 Asparagus officinalis - &#039;Vegalim&#039;, &#039;Vitalim&#039; - Groen en wit - 2 liter pot kopen | Planten eenvoudig online bestellen | Schramas.com<\/title>\n<meta name=\"robots\" content=\"index, follow, max-snippet:-1, max-image-preview:large, max-video-preview:-1\" \/>\n<link rel=\"canonical\" href=\"https:\/\/www.schramas.com\/de\/shop\/spargelfest-2-liter-glas\/\" \/>\n<meta property=\"og:locale\" content=\"de_DE\" \/>\n<meta property=\"og:type\" content=\"article\" \/>\n<meta property=\"og:title\" content=\"Set van 2 Asparagus officinalis - &#039;Vegalim&#039;, &#039;Vitalim&#039; - Groen en wit - 2 liter pot kopen | Planten eenvoudig online bestellen | Schramas.com\" \/>\n<meta property=\"og:description\" content=\"\u2022 Set van 2 aspergeplanten (Asparagus officinalis)\u2022 Rassen: \u2018Vegalim\u2019 (groene asperge) en \u2018Vitalim\u2019 (witte asperge)\u2022 Potmaat: 2 liter\u2022 Meerjarige, eetbare groenteplant\u2022 Hoge opbrengst en uitstekende smaak\u2022 Loopt in het voorjaar opnieuw uit\u2022 Standplaats: volle zon\u2022 Goed winterhard\" \/>\n<meta property=\"og:url\" content=\"https:\/\/www.schramas.com\/de\/shop\/spargelfest-2-liter-glas\/\" \/>\n<meta property=\"og:site_name\" content=\"Planten eenvoudig online bestellen | Schramas.com\" \/>\n<meta property=\"article:publisher\" content=\"https:\/\/www.facebook.com\/Schramascom-106872874153195\/\" \/>\n<meta property=\"article:modified_time\" content=\"2026-03-26T15:33:54+00:00\" \/>\n<meta property=\"og:image\" content=\"http:\/\/www.schramas.com\/wp-content\/uploads\/2026\/01\/Geen-foto-beschikbaar-6-low.webp\" \/>\n\t<meta property=\"og:image:width\" content=\"1024\" \/>\n\t<meta property=\"og:image:height\" content=\"1024\" \/>\n\t<meta property=\"og:image:type\" content=\"image\/webp\" \/>\n<meta name=\"twitter:card\" content=\"summary_large_image\" \/>\n<meta name=\"twitter:label1\" content=\"Gesch\u00e4tzte Lesezeit\" \/>\n\t<meta name=\"twitter:data1\" content=\"2\u00a0Minuten\" \/>\n<script type=\"application\/ld+json\" class=\"yoast-schema-graph\">{\"@context\":\"https:\/\/schema.org\",\"@graph\":[{\"@type\":[\"WebPage\",\"ItemPage\"],\"@id\":\"https:\/\/www.schramas.com\/winkel\/asperge-festival-2-liter-pot\/\",\"url\":\"https:\/\/www.schramas.com\/winkel\/asperge-festival-2-liter-pot\/\",\"name\":\"Set van 2 Asparagus officinalis - 'Vegalim', 'Vitalim' - Groen en wit - 2 liter pot kopen | Planten eenvoudig online bestellen | Schramas.com\",\"isPartOf\":{\"@id\":\"https:\/\/www.schramas.com\/#website\"},\"primaryImageOfPage\":{\"@id\":\"https:\/\/www.schramas.com\/winkel\/asperge-festival-2-liter-pot\/#primaryimage\"},\"image\":{\"@id\":\"https:\/\/www.schramas.com\/winkel\/asperge-festival-2-liter-pot\/#primaryimage\"},\"thumbnailUrl\":\"https:\/\/www.schramas.com\/wp-content\/uploads\/2026\/01\/Geen-foto-beschikbaar-6-low.webp\",\"datePublished\":\"2020-03-24T13:15:20+00:00\",\"dateModified\":\"2026-03-26T15:33:54+00:00\",\"breadcrumb\":{\"@id\":\"https:\/\/www.schramas.com\/winkel\/asperge-festival-2-liter-pot\/#breadcrumb\"},\"inLanguage\":\"de\",\"potentialAction\":[{\"@type\":\"ReadAction\",\"target\":[\"https:\/\/www.schramas.com\/winkel\/asperge-festival-2-liter-pot\/\"]}]},{\"@type\":\"ImageObject\",\"inLanguage\":\"de\",\"@id\":\"https:\/\/www.schramas.com\/winkel\/asperge-festival-2-liter-pot\/#primaryimage\",\"url\":\"https:\/\/www.schramas.com\/wp-content\/uploads\/2026\/01\/Geen-foto-beschikbaar-6-low.webp\",\"contentUrl\":\"https:\/\/www.schramas.com\/wp-content\/uploads\/2026\/01\/Geen-foto-beschikbaar-6-low.webp\",\"width\":1024,\"height\":1024},{\"@type\":\"BreadcrumbList\",\"@id\":\"https:\/\/www.schramas.com\/winkel\/asperge-festival-2-liter-pot\/#breadcrumb\",\"itemListElement\":[{\"@type\":\"ListItem\",\"position\":1,\"name\":\"Product\",\"item\":\"https:\/\/www.schramas.com\/assortiment\/\"},{\"@type\":\"ListItem\",\"position\":2,\"name\":\"Asperges\",\"item\":\"https:\/\/www.schramas.com\/sv\/produktkategori\/sparris\/\"},{\"@type\":\"ListItem\",\"position\":3,\"name\":\"Set van 2 Asparagus officinalis &#8211; &#8216;Vegalim&#8217;, &#8216;Vitalim&#8217; &#8211; Groen en wit &#8211; 2 liter pot\"}]},{\"@type\":\"WebSite\",\"@id\":\"https:\/\/www.schramas.com\/#website\",\"url\":\"https:\/\/www.schramas.com\/\",\"name\":\"Schramas.com | Tuinplanten eenvoudig online bestellen | Direct van onze Kwekerij\",\"description\":\"\",\"alternateName\":\"Schramas.com - Alle planten direct van de kweker\",\"potentialAction\":[{\"@type\":\"SearchAction\",\"target\":{\"@type\":\"EntryPoint\",\"urlTemplate\":\"https:\/\/www.schramas.com\/?s={search_term_string}\"},\"query-input\":{\"@type\":\"PropertyValueSpecification\",\"valueRequired\":true,\"valueName\":\"search_term_string\"}}],\"inLanguage\":\"de\"}]}<\/script>\n<!-- \/ Yoast SEO plugin. -->","yoast_head_json":{"title":"2er-Set Asparagus officinalis - 'Vegalim', 'Vitalim' - Gr\u00fcn und Wei\u00df - 2-Liter-Topf kaufen | Pflanzen leicht online kaufen | Schramas.de","robots":{"index":"index","follow":"follow","max-snippet":"max-snippet:-1","max-image-preview":"max-image-preview:large","max-video-preview":"max-video-preview:-1"},"canonical":"https:\/\/www.schramas.com\/de\/shop\/spargelfest-2-liter-glas\/","og_locale":"de_DE","og_type":"article","og_title":"Set van 2 Asparagus officinalis - 'Vegalim', 'Vitalim' - Groen en wit - 2 liter pot kopen | Planten eenvoudig online bestellen | Schramas.com","og_description":"\u2022 Set van 2 aspergeplanten (Asparagus officinalis)\u2022 Rassen: \u2018Vegalim\u2019 (groene asperge) en \u2018Vitalim\u2019 (witte asperge)\u2022 Potmaat: 2 liter\u2022 Meerjarige, eetbare groenteplant\u2022 Hoge opbrengst en uitstekende smaak\u2022 Loopt in het voorjaar opnieuw uit\u2022 Standplaats: volle zon\u2022 Goed winterhard","og_url":"https:\/\/www.schramas.com\/de\/shop\/spargelfest-2-liter-glas\/","og_site_name":"Planten eenvoudig online bestellen | Schramas.com","article_publisher":"https:\/\/www.facebook.com\/Schramascom-106872874153195\/","article_modified_time":"2026-03-26T15:33:54+00:00","og_image":[{"width":1024,"height":1024,"url":"http:\/\/www.schramas.com\/wp-content\/uploads\/2026\/01\/Geen-foto-beschikbaar-6-low.webp","type":"image\/webp"}],"twitter_card":"summary_large_image","twitter_misc":{"Gesch\u00e4tzte Lesezeit":"2\u00a0Minuten"},"schema":{"@context":"https:\/\/schema.org","@graph":[{"@type":["WebPage","ItemPage"],"@id":"https:\/\/www.schramas.com\/winkel\/asperge-festival-2-liter-pot\/","url":"https:\/\/www.schramas.com\/winkel\/asperge-festival-2-liter-pot\/","name":"2er-Set Asparagus officinalis - 'Vegalim', 'Vitalim' - Gr\u00fcn und Wei\u00df - 2-Liter-Topf kaufen | Pflanzen leicht online kaufen | Schramas.de","isPartOf":{"@id":"https:\/\/www.schramas.com\/#website"},"primaryImageOfPage":{"@id":"https:\/\/www.schramas.com\/winkel\/asperge-festival-2-liter-pot\/#primaryimage"},"image":{"@id":"https:\/\/www.schramas.com\/winkel\/asperge-festival-2-liter-pot\/#primaryimage"},"thumbnailUrl":"https:\/\/www.schramas.com\/wp-content\/uploads\/2026\/01\/Geen-foto-beschikbaar-6-low.webp","datePublished":"2020-03-24T13:15:20+00:00","dateModified":"2026-03-26T15:33:54+00:00","breadcrumb":{"@id":"https:\/\/www.schramas.com\/winkel\/asperge-festival-2-liter-pot\/#breadcrumb"},"inLanguage":"de","potentialAction":[{"@type":"ReadAction","target":["https:\/\/www.schramas.com\/winkel\/asperge-festival-2-liter-pot\/"]}]},{"@type":"ImageObject","inLanguage":"de","@id":"https:\/\/www.schramas.com\/winkel\/asperge-festival-2-liter-pot\/#primaryimage","url":"https:\/\/www.schramas.com\/wp-content\/uploads\/2026\/01\/Geen-foto-beschikbaar-6-low.webp","contentUrl":"https:\/\/www.schramas.com\/wp-content\/uploads\/2026\/01\/Geen-foto-beschikbaar-6-low.webp","width":1024,"height":1024},{"@type":"BreadcrumbList","@id":"https:\/\/www.schramas.com\/winkel\/asperge-festival-2-liter-pot\/#breadcrumb","itemListElement":[{"@type":"ListItem","position":1,"name":"Product","item":"https:\/\/www.schramas.com\/assortiment\/"},{"@type":"ListItem","position":2,"name":"Asperges","item":"https:\/\/www.schramas.com\/sv\/produktkategori\/sparris\/"},{"@type":"ListItem","position":3,"name":"Set van 2 Asparagus officinalis &#8211; &#8216;Vegalim&#8217;, &#8216;Vitalim&#8217; &#8211; Groen en wit &#8211; 2 liter pot"}]},{"@type":"WebSite","@id":"https:\/\/www.schramas.com\/#website","url":"https:\/\/www.schramas.com\/","name":"Schramas.com | Gartenpflanzen einfach online bestellen | Direkt aus unserer G\u00e4rtnerei","description":"","alternateName":"Schramas.com - Alle planten direct van de kweker","potentialAction":[{"@type":"SearchAction","target":{"@type":"EntryPoint","urlTemplate":"https:\/\/www.schramas.com\/?s={search_term_string}"},"query-input":{"@type":"PropertyValueSpecification","valueRequired":true,"valueName":"search_term_string"}}],"inLanguage":"de"}]}},"_links":{"self":[{"href":"https:\/\/www.schramas.com\/de\/wp-json\/wp\/v2\/product\/9329","targetHints":{"allow":["GET"]}}],"collection":[{"href":"https:\/\/www.schramas.com\/de\/wp-json\/wp\/v2\/product"}],"about":[{"href":"https:\/\/www.schramas.com\/de\/wp-json\/wp\/v2\/types\/product"}],"version-history":[{"count":1,"href":"https:\/\/www.schramas.com\/de\/wp-json\/wp\/v2\/product\/9329\/revisions"}],"predecessor-version":[{"id":65074,"href":"https:\/\/www.schramas.com\/de\/wp-json\/wp\/v2\/product\/9329\/revisions\/65074"}],"wp:featuredmedia":[{"embeddable":true,"href":"https:\/\/www.schramas.com\/de\/wp-json\/wp\/v2\/media\/65058"}],"wp:attachment":[{"href":"https:\/\/www.schramas.com\/de\/wp-json\/wp\/v2\/media?parent=9329"}],"wp:term":[{"taxonomy":"product_brand","embeddable":true,"href":"https:\/\/www.schramas.com\/de\/wp-json\/wp\/v2\/product_brand?post=9329"},{"taxonomy":"product_cat","embeddable":true,"href":"https:\/\/www.schramas.com\/de\/wp-json\/wp\/v2\/product_cat?post=9329"},{"taxonomy":"product_tag","embeddable":true,"href":"https:\/\/www.schramas.com\/de\/wp-json\/wp\/v2\/product_tag?post=9329"}],"curies":[{"name":"wp","href":"https:\/\/api.w.org\/{rel}","templated":true}]}}