{"id":40565,"date":"2024-05-16T14:05:37","date_gmt":"2024-05-16T12:05:37","guid":{"rendered":"https:\/\/www.schramas.com\/?post_type=product&#038;p=40565"},"modified":"2026-08-04T22:33:25","modified_gmt":"2026-08-04T20:33:25","slug":"ficus-carica-col-de-dame-blanch-figentrae-2-liter-potte","status":"publish","type":"product","link":"https:\/\/www.schramas.com\/dk\/winkel\/ficus-carica-col-de-dame-blanch-vijgenboom-2-liter-pot\/","title":{"rendered":"Ficus carica 'Col de Dame Blanch' Figentr\u00e6, 2-liters potte"},"content":{"rendered":"<p>Ficus carica 'Col de Dame Blanch', eller Col de Dame Blanch \/ Ficus Carica Cuello de Dama Blanco Figentr\u00e6, er en gammel sort, der er kendt som en af de mest velsmagende figner. Frugterne er gr\u00f8ngule med m\u00f8rker\u00f8dt k\u00f8d og giver en unik smagsoplevelse.<\/p>\n<p>H\u00f8sten af dette figentr\u00e6 finder sted om efter\u00e5ret. Det er en meget gammel sort, som har en unik egenskab: Frugterne modner fra slutningen af september til slutningen af oktober, endda helt ind i november. De er modstandsdygtige over for d\u00e5rligt vejr takket v\u00e6re deres tykke skal. Denne sene modning g\u00f8r Col de Dame Blanch velegnet til middelhavsklimaer, hvor frugterne kan modst\u00e5 efter\u00e5rets kulde.<\/p>\n<p>Dette figentr\u00e6 producerer store aflange frugter p\u00e5 ca. 60 g med et tykt, gyldent til gulgr\u00f8nt skind og et smukt s\u00f8dt, r\u00f8dt frugtk\u00f8d. Fra forret til dessert beriger denne frugt med enest\u00e5ende smagskvaliteter alle kulinariske tilberedninger.<\/p>\n<p>Col de Dame Blanch kan t\u00e5le temperaturer ned til -15 \u00b0C, men starter forfra fra st\u00e6nglen, n\u00e5r temperaturen n\u00e5r -20 \u00b0C. Med medium v\u00e6kst n\u00e5r den en h\u00f8jde p\u00e5 3,5 til 5 m og en spredning p\u00e5 5 til 6 m. Blomstringsperioden er fra maj til juni.<\/p>\n<p>Dette figentr\u00e6 trives bedst p\u00e5 en solrig plads, beskyttet mod nordenvind, i en neutral til kalkholdig, stenet og veldr\u00e6net jord. Col de Dame Blanch er kendt for sin fremragende smag med en s\u00f8d, aromatisk og fin tekstur. Selv om frugterne er sm\u00e5, er de yderst velsmagende og egner sig til at blive spist med det samme eller t\u00f8rret, s\u00e5 du kan nyde de l\u00e6kre figner fra din egen have i l\u00e6ngere tid.<\/p>","protected":false},"excerpt":{"rendered":"<p>Ficus carica 'Col de Dame Blanch'<\/p>\n<p>En af de l\u00e6kreste figner!<\/p>\n<p>Smag: s\u00f8d<\/p>\n<p>Farve: gr\u00f8n-gule frugter<\/p>\n<p>Maks. h\u00f8jde: ca. 5 meter<\/p>\n<p>Leveringsh\u00f8jde inkl. potte: ca. 80 cm<\/p>\n<p>Gryde st\u00f8rrelse: 2 liter<\/p>\n<p>Velegnet til b\u00e5de altan, terrasse og \u00e5bent terr\u00e6n<\/p>","protected":false},"featured_media":40567,"template":"","meta":{"_joinchat":[]},"product_brand":[],"product_cat":[262,233,38],"product_tag":[1321,1781,1772,1779,1776,1774,1764,1773,1782,1778,1188,1775,1231,1120,1783,890,1777,1780],"class_list":{"0":"post-40565","1":"product","2":"type-product","3":"status-publish","4":"has-post-thumbnail","6":"product_cat-bomen-struiken","7":"product_cat-fruitbomen","8":"product_cat-vijgen","9":"product_tag-vorstbestendig","10":"product_tag-beschutte-groei","11":"product_tag-col-de-dame-blanch","12":"product_tag-culinaire-bereidingen","13":"product_tag-dikke-schil","14":"product_tag-donkerrood-vruchtvlees","15":"product_tag-ficus-carica","16":"product_tag-groen-gele-vruchten","17":"product_tag-klein-fruit","18":"product_tag-langwerpige-vruchten","19":"product_tag-late-oogst","20":"product_tag-mediterrane-klimaten","21":"product_tag-oud-ras","22":"product_tag-rijke-smaak","23":"product_tag-vijgen-drogen","24":"product_tag-vijgenboom","25":"product_tag-zoet-en-aromatisch","26":"product_tag-zonnige-locatie","27":"pa_bloeimaanden-juli","28":"pa_bloeimaanden-augustus","29":"pa_bloeimaanden-september","30":"pa_ewd_uwcf_colors-groen-2","31":"pa_groeihoogte-300-cm","32":"pa_pot-zonder-pot","34":"first","35":"outofstock","36":"taxable","37":"shipping-taxable","38":"purchasable","39":"product-type-simple"},"yoast_head":"<!-- This site is optimized with the Yoast SEO plugin v24.2 - https:\/\/yoast.com\/wordpress\/plugins\/seo\/ -->\n<title>Ficus carica &#039;Col de Dame Blanch&#039; Vijgenboom, 2 liter pot kopen | Planten eenvoudig online bestellen | Schramas.com<\/title>\n<meta name=\"robots\" content=\"index, follow, max-snippet:-1, max-image-preview:large, max-video-preview:-1\" \/>\n<link rel=\"canonical\" href=\"https:\/\/www.schramas.com\/dk\/butik\/ficus-carica-col-de-dame-blanch-figentrae-2-liter-potte\/\" \/>\n<meta property=\"og:locale\" content=\"da_DK\" \/>\n<meta property=\"og:type\" content=\"article\" \/>\n<meta property=\"og:title\" content=\"Ficus carica &#039;Col de Dame Blanch&#039; Vijgenboom, 2 liter pot kopen | Planten eenvoudig online bestellen | Schramas.com\" \/>\n<meta property=\"og:description\" content=\"Ficus carica &#039;Col de Dame Blanch&#039;  Een van de lekkerste vijgen!  Smaak: zoet  Kleur: groen-gele vruchten  Hoogte max.: ca. 5 meter  Leverhoogte incl. pot: ca. 80 cm  Potmaat: 2 liter  Geschikt voor zowel balkon, patio als volle grond\" \/>\n<meta property=\"og:url\" content=\"https:\/\/www.schramas.com\/dk\/butik\/ficus-carica-col-de-dame-blanch-figentrae-2-liter-potte\/\" \/>\n<meta property=\"og:site_name\" content=\"Planten eenvoudig online bestellen | Schramas.com\" \/>\n<meta property=\"article:publisher\" content=\"https:\/\/www.facebook.com\/Schramascom-106872874153195\/\" \/>\n<meta property=\"article:modified_time\" content=\"2026-08-04T20:33:25+00:00\" \/>\n<meta property=\"og:image\" content=\"http:\/\/www.schramas.com\/wp-content\/uploads\/2024\/05\/Ficus-carica-Col-dame-Blanche-sfeer.jpg\" \/>\n\t<meta property=\"og:image:width\" content=\"1200\" \/>\n\t<meta property=\"og:image:height\" content=\"1200\" \/>\n\t<meta property=\"og:image:type\" content=\"image\/jpeg\" \/>\n<meta name=\"twitter:card\" content=\"summary_large_image\" \/>\n<meta name=\"twitter:label1\" content=\"Estimeret l\u00e6setid\" \/>\n\t<meta name=\"twitter:data1\" content=\"1 minut\" \/>\n<script type=\"application\/ld+json\" class=\"yoast-schema-graph\">{\"@context\":\"https:\/\/schema.org\",\"@graph\":[{\"@type\":[\"WebPage\",\"ItemPage\"],\"@id\":\"https:\/\/www.schramas.com\/winkel\/ficus-carica-col-de-dame-blanch-vijgenboom-2-liter-pot\/\",\"url\":\"https:\/\/www.schramas.com\/winkel\/ficus-carica-col-de-dame-blanch-vijgenboom-2-liter-pot\/\",\"name\":\"Ficus carica 'Col de Dame Blanch' Vijgenboom, 2 liter pot kopen | Planten eenvoudig online bestellen | Schramas.com\",\"isPartOf\":{\"@id\":\"https:\/\/www.schramas.com\/#website\"},\"primaryImageOfPage\":{\"@id\":\"https:\/\/www.schramas.com\/winkel\/ficus-carica-col-de-dame-blanch-vijgenboom-2-liter-pot\/#primaryimage\"},\"image\":{\"@id\":\"https:\/\/www.schramas.com\/winkel\/ficus-carica-col-de-dame-blanch-vijgenboom-2-liter-pot\/#primaryimage\"},\"thumbnailUrl\":\"https:\/\/www.schramas.com\/wp-content\/uploads\/2024\/05\/Ficus-carica-Col-dame-Blanche-sfeer.jpg\",\"datePublished\":\"2024-05-16T12:05:37+00:00\",\"dateModified\":\"2026-08-04T20:33:25+00:00\",\"breadcrumb\":{\"@id\":\"https:\/\/www.schramas.com\/winkel\/ficus-carica-col-de-dame-blanch-vijgenboom-2-liter-pot\/#breadcrumb\"},\"inLanguage\":\"da-DK\",\"potentialAction\":[{\"@type\":\"ReadAction\",\"target\":[\"https:\/\/www.schramas.com\/winkel\/ficus-carica-col-de-dame-blanch-vijgenboom-2-liter-pot\/\"]}]},{\"@type\":\"ImageObject\",\"inLanguage\":\"da-DK\",\"@id\":\"https:\/\/www.schramas.com\/winkel\/ficus-carica-col-de-dame-blanch-vijgenboom-2-liter-pot\/#primaryimage\",\"url\":\"https:\/\/www.schramas.com\/wp-content\/uploads\/2024\/05\/Ficus-carica-Col-dame-Blanche-sfeer.jpg\",\"contentUrl\":\"https:\/\/www.schramas.com\/wp-content\/uploads\/2024\/05\/Ficus-carica-Col-dame-Blanche-sfeer.jpg\",\"width\":1200,\"height\":1200},{\"@type\":\"BreadcrumbList\",\"@id\":\"https:\/\/www.schramas.com\/winkel\/ficus-carica-col-de-dame-blanch-vijgenboom-2-liter-pot\/#breadcrumb\",\"itemListElement\":[{\"@type\":\"ListItem\",\"position\":1,\"name\":\"Product\",\"item\":\"https:\/\/www.schramas.com\/assortiment\/\"},{\"@type\":\"ListItem\",\"position\":2,\"name\":\"Bomen &amp; Struiken\",\"item\":\"https:\/\/www.schramas.com\/product-category\/bomen-struiken\/\"},{\"@type\":\"ListItem\",\"position\":3,\"name\":\"Ficus carica &#8216;Col de Dame Blanch&#8217; Vijgenboom, 2 liter pot\"}]},{\"@type\":\"WebSite\",\"@id\":\"https:\/\/www.schramas.com\/#website\",\"url\":\"https:\/\/www.schramas.com\/\",\"name\":\"Schramas.com | Tuinplanten eenvoudig online bestellen | Direct van onze Kwekerij\",\"description\":\"\",\"alternateName\":\"Schramas.com - Alle planten direct van de kweker\",\"potentialAction\":[{\"@type\":\"SearchAction\",\"target\":{\"@type\":\"EntryPoint\",\"urlTemplate\":\"https:\/\/www.schramas.com\/?s={search_term_string}\"},\"query-input\":{\"@type\":\"PropertyValueSpecification\",\"valueRequired\":true,\"valueName\":\"search_term_string\"}}],\"inLanguage\":\"da-DK\"}]}<\/script>\n<!-- \/ Yoast SEO plugin. -->","yoast_head_json":{"title":"Ficus carica 'Col de Dame Blanch' Figentr\u00e6, 2 liter potte k\u00f8b | Planter nem online bestilling | Schramas.com","robots":{"index":"index","follow":"follow","max-snippet":"max-snippet:-1","max-image-preview":"max-image-preview:large","max-video-preview":"max-video-preview:-1"},"canonical":"https:\/\/www.schramas.com\/dk\/butik\/ficus-carica-col-de-dame-blanch-figentrae-2-liter-potte\/","og_locale":"da_DK","og_type":"article","og_title":"Ficus carica 'Col de Dame Blanch' Vijgenboom, 2 liter pot kopen | Planten eenvoudig online bestellen | Schramas.com","og_description":"Ficus carica 'Col de Dame Blanch'  Een van de lekkerste vijgen!  Smaak: zoet  Kleur: groen-gele vruchten  Hoogte max.: ca. 5 meter  Leverhoogte incl. pot: ca. 80 cm  Potmaat: 2 liter  Geschikt voor zowel balkon, patio als volle grond","og_url":"https:\/\/www.schramas.com\/dk\/butik\/ficus-carica-col-de-dame-blanch-figentrae-2-liter-potte\/","og_site_name":"Planten eenvoudig online bestellen | Schramas.com","article_publisher":"https:\/\/www.facebook.com\/Schramascom-106872874153195\/","article_modified_time":"2026-08-04T20:33:25+00:00","og_image":[{"width":1200,"height":1200,"url":"http:\/\/www.schramas.com\/wp-content\/uploads\/2024\/05\/Ficus-carica-Col-dame-Blanche-sfeer.jpg","type":"image\/jpeg"}],"twitter_card":"summary_large_image","twitter_misc":{"Estimeret l\u00e6setid":"1 minut"},"schema":{"@context":"https:\/\/schema.org","@graph":[{"@type":["WebPage","ItemPage"],"@id":"https:\/\/www.schramas.com\/winkel\/ficus-carica-col-de-dame-blanch-vijgenboom-2-liter-pot\/","url":"https:\/\/www.schramas.com\/winkel\/ficus-carica-col-de-dame-blanch-vijgenboom-2-liter-pot\/","name":"Ficus carica 'Col de Dame Blanch' Figentr\u00e6, 2 liter potte k\u00f8b | Planter nem online bestilling | Schramas.com","isPartOf":{"@id":"https:\/\/www.schramas.com\/#website"},"primaryImageOfPage":{"@id":"https:\/\/www.schramas.com\/winkel\/ficus-carica-col-de-dame-blanch-vijgenboom-2-liter-pot\/#primaryimage"},"image":{"@id":"https:\/\/www.schramas.com\/winkel\/ficus-carica-col-de-dame-blanch-vijgenboom-2-liter-pot\/#primaryimage"},"thumbnailUrl":"https:\/\/www.schramas.com\/wp-content\/uploads\/2024\/05\/Ficus-carica-Col-dame-Blanche-sfeer.jpg","datePublished":"2024-05-16T12:05:37+00:00","dateModified":"2026-08-04T20:33:25+00:00","breadcrumb":{"@id":"https:\/\/www.schramas.com\/winkel\/ficus-carica-col-de-dame-blanch-vijgenboom-2-liter-pot\/#breadcrumb"},"inLanguage":"da-DK","potentialAction":[{"@type":"ReadAction","target":["https:\/\/www.schramas.com\/winkel\/ficus-carica-col-de-dame-blanch-vijgenboom-2-liter-pot\/"]}]},{"@type":"ImageObject","inLanguage":"da-DK","@id":"https:\/\/www.schramas.com\/winkel\/ficus-carica-col-de-dame-blanch-vijgenboom-2-liter-pot\/#primaryimage","url":"https:\/\/www.schramas.com\/wp-content\/uploads\/2024\/05\/Ficus-carica-Col-dame-Blanche-sfeer.jpg","contentUrl":"https:\/\/www.schramas.com\/wp-content\/uploads\/2024\/05\/Ficus-carica-Col-dame-Blanche-sfeer.jpg","width":1200,"height":1200},{"@type":"BreadcrumbList","@id":"https:\/\/www.schramas.com\/winkel\/ficus-carica-col-de-dame-blanch-vijgenboom-2-liter-pot\/#breadcrumb","itemListElement":[{"@type":"ListItem","position":1,"name":"Product","item":"https:\/\/www.schramas.com\/assortiment\/"},{"@type":"ListItem","position":2,"name":"Bomen &amp; Struiken","item":"https:\/\/www.schramas.com\/product-category\/bomen-struiken\/"},{"@type":"ListItem","position":3,"name":"Ficus carica &#8216;Col de Dame Blanch&#8217; Vijgenboom, 2 liter pot"}]},{"@type":"WebSite","@id":"https:\/\/www.schramas.com\/#website","url":"https:\/\/www.schramas.com\/","name":"Schramas.com | Haveplanter bestilles nemt online | Direkte fra vores gartneri","description":"","alternateName":"Schramas.com - Alle planten direct van de kweker","potentialAction":[{"@type":"SearchAction","target":{"@type":"EntryPoint","urlTemplate":"https:\/\/www.schramas.com\/?s={search_term_string}"},"query-input":{"@type":"PropertyValueSpecification","valueRequired":true,"valueName":"search_term_string"}}],"inLanguage":"da-DK"}]}},"_links":{"self":[{"href":"https:\/\/www.schramas.com\/dk\/wp-json\/wp\/v2\/product\/40565","targetHints":{"allow":["GET"]}}],"collection":[{"href":"https:\/\/www.schramas.com\/dk\/wp-json\/wp\/v2\/product"}],"about":[{"href":"https:\/\/www.schramas.com\/dk\/wp-json\/wp\/v2\/types\/product"}],"version-history":[{"count":4,"href":"https:\/\/www.schramas.com\/dk\/wp-json\/wp\/v2\/product\/40565\/revisions"}],"predecessor-version":[{"id":40573,"href":"https:\/\/www.schramas.com\/dk\/wp-json\/wp\/v2\/product\/40565\/revisions\/40573"}],"wp:featuredmedia":[{"embeddable":true,"href":"https:\/\/www.schramas.com\/dk\/wp-json\/wp\/v2\/media\/40567"}],"wp:attachment":[{"href":"https:\/\/www.schramas.com\/dk\/wp-json\/wp\/v2\/media?parent=40565"}],"wp:term":[{"taxonomy":"product_brand","embeddable":true,"href":"https:\/\/www.schramas.com\/dk\/wp-json\/wp\/v2\/product_brand?post=40565"},{"taxonomy":"product_cat","embeddable":true,"href":"https:\/\/www.schramas.com\/dk\/wp-json\/wp\/v2\/product_cat?post=40565"},{"taxonomy":"product_tag","embeddable":true,"href":"https:\/\/www.schramas.com\/dk\/wp-json\/wp\/v2\/product_tag?post=40565"}],"curies":[{"name":"wp","href":"https:\/\/api.w.org\/{rel}","templated":true}]}}