{"id":14399,"date":"2021-03-31T16:25:46","date_gmt":"2021-03-31T14:25:46","guid":{"rendered":"https:\/\/www.schramas.com\/?post_type=product&#038;p=14399"},"modified":"2026-08-18T23:00:34","modified_gmt":"2026-08-18T21:00:34","slug":"ficus-carica-brun-kalkon-2-liters-gryta","status":"publish","type":"product","link":"https:\/\/www.schramas.com\/se\/winkel\/ficus-carica-brown-turkey-2-liter-pot\/","title":{"rendered":"Ficus carica 'Brown Turkey' fikon, 2-liters kruka"},"content":{"rendered":"<p><strong>Produktbeskrivning: Brun kalkonfikon (Ficus carica &#039;Brown Turkey&#039;)<\/strong><\/p>\n<p>Den bruna kalkonfikonen, \u00e4ven k\u00e4nd som Ficus carica &#039;Brown Turkey&#039;, \u00e4r ett vackert fikontr\u00e4d som erbjuder b\u00e5de sk\u00f6nhet och uts\u00f6kt frukt. Med djupt skurna, dekorativa l\u00f6v ger detta fikon en elegant look till vilken tr\u00e4dg\u00e5rd som helst.<\/p>\n<p><strong>Funktioner:<\/strong><\/p>\n<ul>\n<li><strong>V\u00e4lsmakande medelstora frukter<\/strong>: Frukterna av det bruna kalkonfikonet \u00e4r uts\u00f6kt. Med sitt m\u00f6rkr\u00f6da k\u00f6tt erbjuder de en l\u00e4cker, s\u00f6t smak som kommer att gl\u00e4dja \u00e4lskare av f\u00e4rska, smakrika fikon.<\/li>\n<li><strong>Snabbv\u00e4xande och robust<\/strong>: Under idealiska f\u00f6rh\u00e5llanden, i ett varmt och soligt l\u00e4ge, trivs detta fikontr\u00e4d. Med sin snabba tillv\u00e4xt s\u00e4kerst\u00e4ller den snabba resultat i din tr\u00e4dg\u00e5rd.<\/li>\n<li><strong>Kruka odlad f\u00f6r optimalt rotsystem<\/strong>: Denna unga bruna kalkonfikon har odlats med omsorg i en 2 liters kruka. Detta s\u00e4kerst\u00e4ller ett v\u00e4lutvecklat rotsystem och en sund start i din tr\u00e4dg\u00e5rd.<\/li>\n<li><strong>H\u00f6jd<\/strong>: Vid leverans kommer detta fikon redan att ha en h\u00f6jd p\u00e5 mer \u00e4n 75 cm, inklusive kruka. Med r\u00e4tt sk\u00f6tsel kommer detta fikontr\u00e4d att v\u00e4xa till ett tr\u00e4d med en h\u00f6jd p\u00e5 cirka 3-5 meter.<\/li>\n<\/ul>\n<p><strong>Idealiska odlingsf\u00f6rh\u00e5llanden:<\/strong><\/p>\n<ul>\n<li><strong>Solig plan<\/strong>: Den bruna kalkonfikonen trivs b\u00e4st p\u00e5 ett soligt l\u00e4ge d\u00e4r den kan omfamna solens v\u00e4rme. Detta fr\u00e4mjar en sund tillv\u00e4xt och en riklig sk\u00f6rd.<\/li>\n<\/ul>\n<p><strong>Sk\u00f6rd och smak:<\/strong><\/p>\n<ul>\n<li><strong>Frukt<\/strong>: Frukterna av det bruna kalkonfikonet har en unik gr\u00f6n-brun f\u00e4rg. N\u00e4r du provar kommer du att bel\u00f6nas med en s\u00f6t smak som kommer att \u00f6verraska dig om och om igen.<\/li>\n<\/ul>\n<p>L\u00e4gg till den bruna kalkonfikonen i din tr\u00e4dg\u00e5rd nu och upplev gl\u00e4djen i att odla dina egna l\u00e4ckra fikon. Njut av sk\u00f6nheten och smaken som detta vackra tr\u00e4d har att erbjuda!<\/p>","protected":false},"excerpt":{"rendered":"<p>Ficus carica 'Brun kalkon'<\/p>\n<p>Fig<\/p>\n<p>Smak: s\u00f6t<\/p>\n<p>Fruktens f\u00e4rg: gr\u00f6n-brun<\/p>\n<p>Max h\u00f6jd: ca 3-5 meter<\/p>\n<p>Soligt l\u00e4ge<\/p>\n<p>Leveransh\u00f6jd inkl kruka: ca 75 cm<\/p>\n<p>Krukstorlek: 2 liter<\/p>\n<p>L\u00e4mplig f\u00f6r b\u00e5de uteplats och \u00f6ppen mark<\/p>","protected":false},"featured_media":28517,"template":"","meta":{"_joinchat":[]},"product_brand":[],"product_cat":[262,234,295,296,38],"product_tag":[715,714,716,351,316],"class_list":{"0":"post-14399","1":"product","2":"type-product","3":"status-publish","4":"has-post-thumbnail","6":"product_cat-bomen-struiken","7":"product_cat-fruitstruiken","8":"product_cat-maandaanbiedingen","9":"product_cat-seizoensaanbiedingen","10":"product_cat-vijgen","11":"product_tag-brown-turkey","12":"product_tag-ficus","13":"product_tag-vijg","14":"product_tag-winterhard","15":"product_tag-zelfbestuivend","16":"pa_groeihoogte-300-cm","17":"pa_pot-9-cm-pot","19":"first","20":"outofstock","21":"taxable","22":"shipping-taxable","23":"purchasable","24":"product-type-simple"},"yoast_head":"<!-- This site is optimized with the Yoast SEO plugin v24.2 - https:\/\/yoast.com\/wordpress\/plugins\/seo\/ -->\n<title>Ficus carica &#039;Brown Turkey&#039; vijg, 2 liter pot kopen | Planten eenvoudig online bestellen | Schramas.com<\/title>\n<meta name=\"robots\" content=\"index, follow, max-snippet:-1, max-image-preview:large, max-video-preview:-1\" \/>\n<link rel=\"canonical\" href=\"https:\/\/www.schramas.com\/se\/butik\/ficus-carica-brun-kalkon-2-liters-gryta\/\" \/>\n<meta property=\"og:locale\" content=\"sv_SE\" \/>\n<meta property=\"og:type\" content=\"article\" \/>\n<meta property=\"og:title\" content=\"Ficus carica &#039;Brown Turkey&#039; vijg, 2 liter pot kopen | Planten eenvoudig online bestellen | Schramas.com\" \/>\n<meta property=\"og:description\" content=\"Ficus carica &#039;Brown Turkey&#039;  Vijg  Smaak: zoet  Kleur vrucht: groen-bruin  Hoogte max: circa 3-5 meter  Zonnige standplaats  Leverhoogte incl. pot: circa 75 cm  Potmaat: 2 liter  Geschikt voor zowel patio als volle grond\" \/>\n<meta property=\"og:url\" content=\"https:\/\/www.schramas.com\/se\/butik\/ficus-carica-brun-kalkon-2-liters-gryta\/\" \/>\n<meta property=\"og:site_name\" content=\"Planten eenvoudig online bestellen | Schramas.com\" \/>\n<meta property=\"article:publisher\" content=\"https:\/\/www.facebook.com\/Schramascom-106872874153195\/\" \/>\n<meta property=\"article:modified_time\" content=\"2026-08-18T21:00:34+00:00\" \/>\n<meta property=\"og:image\" content=\"http:\/\/www.schramas.com\/wp-content\/uploads\/2021\/03\/Ficus-carica-brow-turkey-sfeer-new.jpg\" \/>\n\t<meta property=\"og:image:width\" content=\"1600\" \/>\n\t<meta property=\"og:image:height\" content=\"1600\" \/>\n\t<meta property=\"og:image:type\" content=\"image\/jpeg\" \/>\n<meta name=\"twitter:card\" content=\"summary_large_image\" \/>\n<meta name=\"twitter:label1\" content=\"Ber\u00e4knad l\u00e4stid\" \/>\n\t<meta name=\"twitter:data1\" content=\"1 minut\" \/>\n<script type=\"application\/ld+json\" class=\"yoast-schema-graph\">{\"@context\":\"https:\/\/schema.org\",\"@graph\":[{\"@type\":[\"WebPage\",\"ItemPage\"],\"@id\":\"https:\/\/www.schramas.com\/winkel\/ficus-carica-brown-turkey-2-liter-pot\/\",\"url\":\"https:\/\/www.schramas.com\/winkel\/ficus-carica-brown-turkey-2-liter-pot\/\",\"name\":\"Ficus carica 'Brown Turkey' vijg, 2 liter pot kopen | Planten eenvoudig online bestellen | Schramas.com\",\"isPartOf\":{\"@id\":\"https:\/\/www.schramas.com\/#website\"},\"primaryImageOfPage\":{\"@id\":\"https:\/\/www.schramas.com\/winkel\/ficus-carica-brown-turkey-2-liter-pot\/#primaryimage\"},\"image\":{\"@id\":\"https:\/\/www.schramas.com\/winkel\/ficus-carica-brown-turkey-2-liter-pot\/#primaryimage\"},\"thumbnailUrl\":\"https:\/\/www.schramas.com\/wp-content\/uploads\/2021\/03\/Ficus-carica-brow-turkey-sfeer-new.jpg\",\"datePublished\":\"2021-03-31T14:25:46+00:00\",\"dateModified\":\"2026-08-18T21:00:34+00:00\",\"breadcrumb\":{\"@id\":\"https:\/\/www.schramas.com\/winkel\/ficus-carica-brown-turkey-2-liter-pot\/#breadcrumb\"},\"inLanguage\":\"sv-SE\",\"potentialAction\":[{\"@type\":\"ReadAction\",\"target\":[\"https:\/\/www.schramas.com\/winkel\/ficus-carica-brown-turkey-2-liter-pot\/\"]}]},{\"@type\":\"ImageObject\",\"inLanguage\":\"sv-SE\",\"@id\":\"https:\/\/www.schramas.com\/winkel\/ficus-carica-brown-turkey-2-liter-pot\/#primaryimage\",\"url\":\"https:\/\/www.schramas.com\/wp-content\/uploads\/2021\/03\/Ficus-carica-brow-turkey-sfeer-new.jpg\",\"contentUrl\":\"https:\/\/www.schramas.com\/wp-content\/uploads\/2021\/03\/Ficus-carica-brow-turkey-sfeer-new.jpg\",\"width\":1600,\"height\":1600},{\"@type\":\"BreadcrumbList\",\"@id\":\"https:\/\/www.schramas.com\/winkel\/ficus-carica-brown-turkey-2-liter-pot\/#breadcrumb\",\"itemListElement\":[{\"@type\":\"ListItem\",\"position\":1,\"name\":\"Product\",\"item\":\"https:\/\/www.schramas.com\/assortiment\/\"},{\"@type\":\"ListItem\",\"position\":2,\"name\":\"Bomen &amp; Struiken\",\"item\":\"https:\/\/www.schramas.com\/product-category\/bomen-struiken\/\"},{\"@type\":\"ListItem\",\"position\":3,\"name\":\"Fruitbomen\",\"item\":\"https:\/\/www.schramas.com\/product-category\/bomen-struiken\/fruitbomen\/\"},{\"@type\":\"ListItem\",\"position\":4,\"name\":\"Vijgen\",\"item\":\"https:\/\/www.schramas.com\/product-category\/bomen-struiken\/fruitbomen\/vijgen\/\"},{\"@type\":\"ListItem\",\"position\":5,\"name\":\"Ficus carica &#8216;Brown Turkey&#8217; vijg, 2 liter pot\"}]},{\"@type\":\"WebSite\",\"@id\":\"https:\/\/www.schramas.com\/#website\",\"url\":\"https:\/\/www.schramas.com\/\",\"name\":\"Schramas.com | Tuinplanten eenvoudig online bestellen | Direct van onze Kwekerij\",\"description\":\"\",\"alternateName\":\"Schramas.com - Alle planten direct van de kweker\",\"potentialAction\":[{\"@type\":\"SearchAction\",\"target\":{\"@type\":\"EntryPoint\",\"urlTemplate\":\"https:\/\/www.schramas.com\/?s={search_term_string}\"},\"query-input\":{\"@type\":\"PropertyValueSpecification\",\"valueRequired\":true,\"valueName\":\"search_term_string\"}}],\"inLanguage\":\"sv-SE\"}]}<\/script>\n<!-- \/ Yoast SEO plugin. -->","yoast_head_json":{"title":"K\u00f6p Ficus carica &#039;Brown Turkey&#039; fikon, 2 liters kastrull | Best\u00e4ll enkelt plantor online | Schramas.com","robots":{"index":"index","follow":"follow","max-snippet":"max-snippet:-1","max-image-preview":"max-image-preview:large","max-video-preview":"max-video-preview:-1"},"canonical":"https:\/\/www.schramas.com\/se\/butik\/ficus-carica-brun-kalkon-2-liters-gryta\/","og_locale":"sv_SE","og_type":"article","og_title":"Ficus carica 'Brown Turkey' vijg, 2 liter pot kopen | Planten eenvoudig online bestellen | Schramas.com","og_description":"Ficus carica 'Brown Turkey'  Vijg  Smaak: zoet  Kleur vrucht: groen-bruin  Hoogte max: circa 3-5 meter  Zonnige standplaats  Leverhoogte incl. pot: circa 75 cm  Potmaat: 2 liter  Geschikt voor zowel patio als volle grond","og_url":"https:\/\/www.schramas.com\/se\/butik\/ficus-carica-brun-kalkon-2-liters-gryta\/","og_site_name":"Planten eenvoudig online bestellen | Schramas.com","article_publisher":"https:\/\/www.facebook.com\/Schramascom-106872874153195\/","article_modified_time":"2026-08-18T21:00:34+00:00","og_image":[{"width":1600,"height":1600,"url":"http:\/\/www.schramas.com\/wp-content\/uploads\/2021\/03\/Ficus-carica-brow-turkey-sfeer-new.jpg","type":"image\/jpeg"}],"twitter_card":"summary_large_image","twitter_misc":{"Ber\u00e4knad l\u00e4stid":"1 minut"},"schema":{"@context":"https:\/\/schema.org","@graph":[{"@type":["WebPage","ItemPage"],"@id":"https:\/\/www.schramas.com\/winkel\/ficus-carica-brown-turkey-2-liter-pot\/","url":"https:\/\/www.schramas.com\/winkel\/ficus-carica-brown-turkey-2-liter-pot\/","name":"K\u00f6p Ficus carica &#039;Brown Turkey&#039; fikon, 2 liters kastrull | Best\u00e4ll enkelt plantor online | Schramas.com","isPartOf":{"@id":"https:\/\/www.schramas.com\/#website"},"primaryImageOfPage":{"@id":"https:\/\/www.schramas.com\/winkel\/ficus-carica-brown-turkey-2-liter-pot\/#primaryimage"},"image":{"@id":"https:\/\/www.schramas.com\/winkel\/ficus-carica-brown-turkey-2-liter-pot\/#primaryimage"},"thumbnailUrl":"https:\/\/www.schramas.com\/wp-content\/uploads\/2021\/03\/Ficus-carica-brow-turkey-sfeer-new.jpg","datePublished":"2021-03-31T14:25:46+00:00","dateModified":"2026-08-18T21:00:34+00:00","breadcrumb":{"@id":"https:\/\/www.schramas.com\/winkel\/ficus-carica-brown-turkey-2-liter-pot\/#breadcrumb"},"inLanguage":"sv-SE","potentialAction":[{"@type":"ReadAction","target":["https:\/\/www.schramas.com\/winkel\/ficus-carica-brown-turkey-2-liter-pot\/"]}]},{"@type":"ImageObject","inLanguage":"sv-SE","@id":"https:\/\/www.schramas.com\/winkel\/ficus-carica-brown-turkey-2-liter-pot\/#primaryimage","url":"https:\/\/www.schramas.com\/wp-content\/uploads\/2021\/03\/Ficus-carica-brow-turkey-sfeer-new.jpg","contentUrl":"https:\/\/www.schramas.com\/wp-content\/uploads\/2021\/03\/Ficus-carica-brow-turkey-sfeer-new.jpg","width":1600,"height":1600},{"@type":"BreadcrumbList","@id":"https:\/\/www.schramas.com\/winkel\/ficus-carica-brown-turkey-2-liter-pot\/#breadcrumb","itemListElement":[{"@type":"ListItem","position":1,"name":"Product","item":"https:\/\/www.schramas.com\/assortiment\/"},{"@type":"ListItem","position":2,"name":"Bomen &amp; Struiken","item":"https:\/\/www.schramas.com\/product-category\/bomen-struiken\/"},{"@type":"ListItem","position":3,"name":"Fruitbomen","item":"https:\/\/www.schramas.com\/product-category\/bomen-struiken\/fruitbomen\/"},{"@type":"ListItem","position":4,"name":"Vijgen","item":"https:\/\/www.schramas.com\/product-category\/bomen-struiken\/fruitbomen\/vijgen\/"},{"@type":"ListItem","position":5,"name":"Ficus carica &#8216;Brown Turkey&#8217; vijg, 2 liter pot"}]},{"@type":"WebSite","@id":"https:\/\/www.schramas.com\/#website","url":"https:\/\/www.schramas.com\/","name":"Schramas.com | Tr\u00e4dg\u00e5rdsv\u00e4xter som enkelt kan best\u00e4llas online | Direkt fr\u00e5n v\u00e5r plantskola","description":"","alternateName":"Schramas.com - Alle planten direct van de kweker","potentialAction":[{"@type":"SearchAction","target":{"@type":"EntryPoint","urlTemplate":"https:\/\/www.schramas.com\/?s={search_term_string}"},"query-input":{"@type":"PropertyValueSpecification","valueRequired":true,"valueName":"search_term_string"}}],"inLanguage":"sv-SE"}]}},"_links":{"self":[{"href":"https:\/\/www.schramas.com\/se\/wp-json\/wp\/v2\/product\/14399","targetHints":{"allow":["GET"]}}],"collection":[{"href":"https:\/\/www.schramas.com\/se\/wp-json\/wp\/v2\/product"}],"about":[{"href":"https:\/\/www.schramas.com\/se\/wp-json\/wp\/v2\/types\/product"}],"version-history":[{"count":1,"href":"https:\/\/www.schramas.com\/se\/wp-json\/wp\/v2\/product\/14399\/revisions"}],"predecessor-version":[{"id":47790,"href":"https:\/\/www.schramas.com\/se\/wp-json\/wp\/v2\/product\/14399\/revisions\/47790"}],"wp:featuredmedia":[{"embeddable":true,"href":"https:\/\/www.schramas.com\/se\/wp-json\/wp\/v2\/media\/28517"}],"wp:attachment":[{"href":"https:\/\/www.schramas.com\/se\/wp-json\/wp\/v2\/media?parent=14399"}],"wp:term":[{"taxonomy":"product_brand","embeddable":true,"href":"https:\/\/www.schramas.com\/se\/wp-json\/wp\/v2\/product_brand?post=14399"},{"taxonomy":"product_cat","embeddable":true,"href":"https:\/\/www.schramas.com\/se\/wp-json\/wp\/v2\/product_cat?post=14399"},{"taxonomy":"product_tag","embeddable":true,"href":"https:\/\/www.schramas.com\/se\/wp-json\/wp\/v2\/product_tag?post=14399"}],"curies":[{"name":"wp","href":"https:\/\/api.w.org\/{rel}","templated":true}]}}