{"id":53636,"date":"2025-06-17T14:24:47","date_gmt":"2025-06-17T12:24:47","guid":{"rendered":"https:\/\/www.schramas.com\/?post_type=product&#038;p=53636"},"modified":"2026-03-26T16:37:43","modified_gmt":"2026-03-26T15:37:43","slug":"malus-domestica-cevaal-appeltrad-hojd-100cm-5-liter-kruka","status":"publish","type":"product","link":"https:\/\/www.schramas.com\/se\/butik\/malus-domestica-cevaal-appeltrad-hojd-100cm-5-liter-kruka\/","title":{"rendered":"Malus domestica 'Cevaal', \u00c4ppeltr\u00e4d , H\u00f6jd 100cm, 5 liter kruka"},"content":{"rendered":"<p>Den <strong data-start=\"101\" data-end=\"129\">Malus domestica \u2018Cevaal\u2019<\/strong> \u00e4r en speciell holl\u00e4ndsk \u00e4ppelsort som \u00e4r k\u00e4nd f\u00f6r sin delikata smak och sitt vackra utseende. Detta \u00e4ppeltr\u00e4d producerar fasta, aromatiska frukter som mognar i slutet av september. Med sin kompakta tillv\u00e4xt och rika blomning \u00e4r \u2018Cevaal\u2019 ett utm\u00e4rkt val f\u00f6r den som \u00e4lskar goda \u00e4pplen och ett graci\u00f6st tr\u00e4d i tr\u00e4dg\u00e5rden.<\/p>\n<p data-start=\"474\" data-end=\"511\"><strong data-start=\"481\" data-end=\"511\">Egenskaper hos \u00e4pplet<\/strong><\/p>\n<p>\u00c4pplena p\u00e5 \u2018Cevaal\u2019 \u00e4r medelstora till stora och har ett gulgr\u00f6nt skal med en r\u00f6d rodnad p\u00e5 solsidan. Fruktk\u00f6ttet \u00e4r vitt, fast och saftigt. Smaken \u00e4r s\u00f6t med en l\u00e4tt syrlig ton och en subtil kryddig underton - i likhet med Cox-aromen. Tack vare denna smakbalans \u00e4r Cevaal-\u00e4pplet l\u00e4mpligt f\u00f6r:<\/p>\n<ul data-start=\"844\" data-end=\"924\">\n<li data-start=\"844\" data-end=\"855\">F\u00e4rsk mat<\/li>\n<li data-start=\"856\" data-end=\"878\">\u00c4ppelmos och kompott<\/li>\n<li data-start=\"879\" data-end=\"909\">\u00c4ppelpaj och andra bakverk<\/li>\n<li data-start=\"910\" data-end=\"924\">F\u00e4rska juicer<\/li>\n<\/ul>\n<p data-start=\"931\" data-end=\"961\"><strong data-start=\"938\" data-end=\"961\">Blomning och pollinering<\/strong><\/p>\n<p>P\u00e5 v\u00e5ren blommar \u2018Cevaal\u2019 med klasar av vita blommor, ofta med en ljusrosa ton n\u00e4r de \u00f6ppnar sig. Dessa n\u00e4tta blommor \u00e4r en extra bonus i tr\u00e4dg\u00e5rden. Var f\u00f6rsiktig: <strong data-start=\"1125\" data-end=\"1161\">Cevaal \u00e4r inte sj\u00e4lvpollinerande<\/strong>. F\u00f6r god frukts\u00e4ttning kr\u00e4vs ett annat \u00e4ppeltr\u00e4d i n\u00e4rheten, t.ex:<\/p>\n<ul data-start=\"1243\" data-end=\"1333\">\n<li data-start=\"1243\" data-end=\"1263\"><strong data-start=\"1245\" data-end=\"1263\">Malus \u2018Elstar\u2019<\/strong><\/li>\n<li data-start=\"1264\" data-end=\"1284\"><strong data-start=\"1266\" data-end=\"1284\">Malus \u2018Benoni\u2019<\/strong><\/li>\n<li data-start=\"1285\" data-end=\"1311\"><strong data-start=\"1287\" data-end=\"1311\">Malus \u2018James Grieve\u2019<\/strong><\/li>\n<li data-start=\"1312\" data-end=\"1333\"><strong data-start=\"1314\" data-end=\"1333\">Malus \u2018Delcorf\u2019<\/strong><\/li>\n<\/ul>\n<p data-start=\"1340\" data-end=\"1374\"><strong data-start=\"1347\" data-end=\"1374\">V\u00e4xts\u00e4tt och sk\u00f6tsel<\/strong><\/p>\n<p>Tr\u00e4det v\u00e4xer m\u00e5ttligt snabbt och n\u00e5r en h\u00f6jd av ca 4 till 5 meter n\u00e4r det \u00e4r fullvuxet. Kronan \u00e4r smal och uppr\u00e4tt med en liten spridning, vilket g\u00f6r att detta tr\u00e4d ocks\u00e5 passar f\u00f6r mindre tr\u00e4dg\u00e5rdar eller som spalj\u00e9.<\/p>\n<ul data-start=\"1602\" data-end=\"1847\">\n<li data-start=\"1602\" data-end=\"1648\"><strong data-start=\"1604\" data-end=\"1619\">Plats<\/strong>: full sol till halvskugga<\/li>\n<li data-start=\"1649\" data-end=\"1693\"><strong data-start=\"1651\" data-end=\"1660\">Botten<\/strong>: genomsl\u00e4pplig och b\u00f6rdig<\/li>\n<li data-start=\"1694\" data-end=\"1808\"><strong data-start=\"1696\" data-end=\"1707\">Besk\u00e4rning<\/strong>: efter sk\u00f6rd eller p\u00e5 senvintern, f\u00f6r att bibeh\u00e5lla formen och fr\u00e4mja luftigheten i kronan<\/li>\n<li data-start=\"1809\" data-end=\"1847\"><strong data-start=\"1811\" data-end=\"1825\">Hardy<\/strong>: mycket bra, upp till -25\u00b0C<\/li>\n<\/ul>\n<p>Cevaal \u00e4r t\u00e4mligen motst\u00e5ndskraftig mot bladsjukdomar som skorv, vilket g\u00f6r den till ett enkelt och p\u00e5litligt val.<\/p>\n<p data-start=\"1971\" data-end=\"1998\"><strong data-start=\"1978\" data-end=\"1998\">Sk\u00f6rd och anv\u00e4ndning<\/strong><\/p>\n<p>Frukten mognar fr\u00e5n slutet av september till b\u00f6rjan av oktober. \u00c4pplena h\u00e5ller sig i cirka en m\u00e5nad och beh\u00e5ller d\u00e5 sin fr\u00e4scha, saftiga konsistens och aromatiska smak. De \u00e4r perfekta att \u00e4ta direkt, men ocks\u00e5 mycket l\u00e4mpliga f\u00f6r bearbetning i k\u00f6ket.<\/p>\n<p data-start=\"2276\" data-end=\"2308\"><strong data-start=\"2282\" data-end=\"2308\">Sammanfattning av egenskaper<\/strong><\/p>\n<ul data-start=\"2309\" data-end=\"2844\">\n<li data-start=\"2309\" data-end=\"2346\"><strong data-start=\"2311\" data-end=\"2318\">Ras<\/strong>Malus domestica \u2018Cevaal\u2019<\/li>\n<li data-start=\"2347\" data-end=\"2389\"><strong data-start=\"2349\" data-end=\"2368\">H\u00f6jd levererad<\/strong>: 100 cm (l\u00e5g stam)<\/li>\n<li data-start=\"2390\" data-end=\"2414\"><strong data-start=\"2392\" data-end=\"2403\">Krukstorlek<\/strong>: 5 liter<\/li>\n<li data-start=\"2415\" data-end=\"2470\"><strong data-start=\"2417\" data-end=\"2430\">Ursprung<\/strong>: Nederl\u00e4nderna, mutant av Alkmene (1982)<\/li>\n<li data-start=\"2471\" data-end=\"2517\"><strong data-start=\"2473\" data-end=\"2482\">Smak<\/strong>: S\u00f6t, l\u00e4tt syrlig, med Cox-arom<\/li>\n<li data-start=\"2518\" data-end=\"2553\"><strong data-start=\"2520\" data-end=\"2529\">Bloom<\/strong>: Vita blommor i maj<\/li>\n<li data-start=\"2554\" data-end=\"2603\"><strong data-start=\"2556\" data-end=\"2569\">Sk\u00f6rdetid<\/strong>: slutet av september - b\u00f6rjan av oktober<\/li>\n<li data-start=\"2604\" data-end=\"2631\"><strong data-start=\"2606\" data-end=\"2624\">Sj\u00e4lvpollinerande<\/strong>: Nej<\/li>\n<li data-start=\"2632\" data-end=\"2689\"><strong data-start=\"2634\" data-end=\"2648\">Pollinat\u00f6rer<\/strong>: Benoni, Elstar, James Grieve, Delcorf<\/li>\n<li data-start=\"2690\" data-end=\"2723\"><strong data-start=\"2692\" data-end=\"2706\">Hardy<\/strong>: Ja, upp till -25\u00b0C<\/li>\n<li data-start=\"2724\" data-end=\"2763\"><strong data-start=\"2726\" data-end=\"2737\">Anv\u00e4ndning<\/strong>: F\u00e4rsk, juice, pur\u00e9, kaka<\/li>\n<li data-start=\"2764\" data-end=\"2802\"><strong data-start=\"2766\" data-end=\"2781\">Plats<\/strong>: Sol \/ halvskugga<\/li>\n<li data-start=\"2803\" data-end=\"2844\"><strong data-start=\"2805\" data-end=\"2814\">Besk\u00e4ra<\/strong>: Vinter eller omedelbart efter sk\u00f6rden<\/li>\n<\/ul>","protected":false},"excerpt":{"rendered":"<p>Malus domestica \u2018Cevaal\u2019<\/p>\n<p>Alkmene Mutant.<\/p>\n<p>Smak: frisk-s\u00f6t.<\/p>\n<p>Max h\u00f6jd: 3,5 meter<\/p>\n<p>Leveransh\u00f6jd inkl. kruka: 100 cm<\/p>\n<p>Krukstorlek: 5 liter.<\/p>","protected":false},"featured_media":53637,"template":"","meta":{"_joinchat":[]},"product_brand":[],"product_cat":[20,262,233],"product_tag":[],"class_list":{"0":"post-53636","1":"product","2":"type-product","3":"status-publish","4":"has-post-thumbnail","6":"product_cat-appels","7":"product_cat-bomen-struiken","8":"product_cat-fruitbomen","9":"pa_ewd_uwcf_colors-groen-2","10":"pa_groeihoogte-300-cm","11":"pa_pot-5-liter-pot","13":"first","14":"instock","15":"taxable","16":"shipping-taxable","17":"purchasable","18":"product-type-simple"},"yoast_head":"<!-- This site is optimized with the Yoast SEO plugin v24.2 - https:\/\/yoast.com\/wordpress\/plugins\/seo\/ -->\n<title>Malus domestica &#039;Cevaal&#039;, Appelboom , Hoogte 100cm, 5 liter pot kopen | Planten eenvoudig online bestellen | Schramas.com<\/title>\n<meta name=\"robots\" content=\"index, follow, max-snippet:-1, max-image-preview:large, max-video-preview:-1\" \/>\n<link rel=\"canonical\" href=\"https:\/\/www.schramas.com\/se\/butik\/malus-domestica-cevaal-appeltrad-hojd-100cm-5-liter-kruka\/\" \/>\n<meta property=\"og:locale\" content=\"sv_SE\" \/>\n<meta property=\"og:type\" content=\"article\" \/>\n<meta property=\"og:title\" content=\"Malus domestica &#039;Cevaal&#039;, Appelboom , Hoogte 100cm, 5 liter pot kopen | Planten eenvoudig online bestellen | Schramas.com\" \/>\n<meta property=\"og:description\" content=\"Malus domestica &#039;Cevaal&#039;  Alkmene Mutant.  Smaak: fris- zoet.  Hoogte max: 3,5 meter  Leverhoogte incl. pot: 100 cm  Pot maat: 5 liter.\" \/>\n<meta property=\"og:url\" content=\"https:\/\/www.schramas.com\/se\/butik\/malus-domestica-cevaal-appeltrad-hojd-100cm-5-liter-kruka\/\" \/>\n<meta property=\"og:site_name\" content=\"Planten eenvoudig online bestellen | Schramas.com\" \/>\n<meta property=\"article:publisher\" content=\"https:\/\/www.facebook.com\/Schramascom-106872874153195\/\" \/>\n<meta property=\"article:modified_time\" content=\"2026-03-26T15:37:43+00:00\" \/>\n<meta property=\"og:image\" content=\"http:\/\/www.schramas.com\/wp-content\/uploads\/2025\/06\/Alkmene-Cevaal-sfeer.webp\" \/>\n\t<meta property=\"og:image:width\" content=\"800\" \/>\n\t<meta property=\"og:image:height\" content=\"800\" \/>\n\t<meta property=\"og:image:type\" content=\"image\/webp\" \/>\n<meta name=\"twitter:card\" content=\"summary_large_image\" \/>\n<meta name=\"twitter:label1\" content=\"Ber\u00e4knad l\u00e4stid\" \/>\n\t<meta name=\"twitter:data1\" content=\"1 minut\" \/>\n<script type=\"application\/ld+json\" class=\"yoast-schema-graph\">{\"@context\":\"https:\/\/schema.org\",\"@graph\":[{\"@type\":[\"WebPage\",\"ItemPage\"],\"@id\":\"https:\/\/www.schramas.com\/winkel\/malus-domestica-cevaal-appelboom-hoogte-100cm-5-liter-pot\/\",\"url\":\"https:\/\/www.schramas.com\/winkel\/malus-domestica-cevaal-appelboom-hoogte-100cm-5-liter-pot\/\",\"name\":\"Malus domestica 'Cevaal', Appelboom , Hoogte 100cm, 5 liter pot kopen | Planten eenvoudig online bestellen | Schramas.com\",\"isPartOf\":{\"@id\":\"https:\/\/www.schramas.com\/#website\"},\"primaryImageOfPage\":{\"@id\":\"https:\/\/www.schramas.com\/winkel\/malus-domestica-cevaal-appelboom-hoogte-100cm-5-liter-pot\/#primaryimage\"},\"image\":{\"@id\":\"https:\/\/www.schramas.com\/winkel\/malus-domestica-cevaal-appelboom-hoogte-100cm-5-liter-pot\/#primaryimage\"},\"thumbnailUrl\":\"https:\/\/www.schramas.com\/wp-content\/uploads\/2025\/06\/Alkmene-Cevaal-sfeer.webp\",\"datePublished\":\"2025-06-17T12:24:47+00:00\",\"dateModified\":\"2026-03-26T15:37:43+00:00\",\"breadcrumb\":{\"@id\":\"https:\/\/www.schramas.com\/winkel\/malus-domestica-cevaal-appelboom-hoogte-100cm-5-liter-pot\/#breadcrumb\"},\"inLanguage\":\"sv-SE\",\"potentialAction\":[{\"@type\":\"ReadAction\",\"target\":[\"https:\/\/www.schramas.com\/winkel\/malus-domestica-cevaal-appelboom-hoogte-100cm-5-liter-pot\/\"]}]},{\"@type\":\"ImageObject\",\"inLanguage\":\"sv-SE\",\"@id\":\"https:\/\/www.schramas.com\/winkel\/malus-domestica-cevaal-appelboom-hoogte-100cm-5-liter-pot\/#primaryimage\",\"url\":\"https:\/\/www.schramas.com\/wp-content\/uploads\/2025\/06\/Alkmene-Cevaal-sfeer.webp\",\"contentUrl\":\"https:\/\/www.schramas.com\/wp-content\/uploads\/2025\/06\/Alkmene-Cevaal-sfeer.webp\",\"width\":800,\"height\":800},{\"@type\":\"BreadcrumbList\",\"@id\":\"https:\/\/www.schramas.com\/winkel\/malus-domestica-cevaal-appelboom-hoogte-100cm-5-liter-pot\/#breadcrumb\",\"itemListElement\":[{\"@type\":\"ListItem\",\"position\":1,\"name\":\"Product\",\"item\":\"https:\/\/www.schramas.com\/assortiment\/\"},{\"@type\":\"ListItem\",\"position\":2,\"name\":\"Bomen &amp; Struiken\",\"item\":\"https:\/\/www.schramas.com\/product-category\/bomen-struiken\/\"},{\"@type\":\"ListItem\",\"position\":3,\"name\":\"Malus domestica &#8216;Cevaal&#8217;, Appelboom , Hoogte 100cm, 5 liter pot\"}]},{\"@type\":\"WebSite\",\"@id\":\"https:\/\/www.schramas.com\/#website\",\"url\":\"https:\/\/www.schramas.com\/\",\"name\":\"Schramas.com | Tuinplanten eenvoudig online bestellen | Direct van onze Kwekerij\",\"description\":\"\",\"alternateName\":\"Schramas.com - Alle planten direct van de kweker\",\"potentialAction\":[{\"@type\":\"SearchAction\",\"target\":{\"@type\":\"EntryPoint\",\"urlTemplate\":\"https:\/\/www.schramas.com\/?s={search_term_string}\"},\"query-input\":{\"@type\":\"PropertyValueSpecification\",\"valueRequired\":true,\"valueName\":\"search_term_string\"}}],\"inLanguage\":\"sv-SE\"}]}<\/script>\n<!-- \/ Yoast SEO plugin. -->","yoast_head_json":{"title":"Malus domestica 'Cevaal', \u00c4ppeltr\u00e4d , H\u00f6jd 100cm, k\u00f6p 5 liter kruka | K\u00f6p v\u00e4xter enkelt online | Schramas.com","robots":{"index":"index","follow":"follow","max-snippet":"max-snippet:-1","max-image-preview":"max-image-preview:large","max-video-preview":"max-video-preview:-1"},"canonical":"https:\/\/www.schramas.com\/se\/butik\/malus-domestica-cevaal-appeltrad-hojd-100cm-5-liter-kruka\/","og_locale":"sv_SE","og_type":"article","og_title":"Malus domestica 'Cevaal', Appelboom , Hoogte 100cm, 5 liter pot kopen | Planten eenvoudig online bestellen | Schramas.com","og_description":"Malus domestica 'Cevaal'  Alkmene Mutant.  Smaak: fris- zoet.  Hoogte max: 3,5 meter  Leverhoogte incl. pot: 100 cm  Pot maat: 5 liter.","og_url":"https:\/\/www.schramas.com\/se\/butik\/malus-domestica-cevaal-appeltrad-hojd-100cm-5-liter-kruka\/","og_site_name":"Planten eenvoudig online bestellen | Schramas.com","article_publisher":"https:\/\/www.facebook.com\/Schramascom-106872874153195\/","article_modified_time":"2026-03-26T15:37:43+00:00","og_image":[{"width":800,"height":800,"url":"http:\/\/www.schramas.com\/wp-content\/uploads\/2025\/06\/Alkmene-Cevaal-sfeer.webp","type":"image\/webp"}],"twitter_card":"summary_large_image","twitter_misc":{"Ber\u00e4knad l\u00e4stid":"1 minut"},"schema":{"@context":"https:\/\/schema.org","@graph":[{"@type":["WebPage","ItemPage"],"@id":"https:\/\/www.schramas.com\/winkel\/malus-domestica-cevaal-appelboom-hoogte-100cm-5-liter-pot\/","url":"https:\/\/www.schramas.com\/winkel\/malus-domestica-cevaal-appelboom-hoogte-100cm-5-liter-pot\/","name":"Malus domestica 'Cevaal', \u00c4ppeltr\u00e4d , H\u00f6jd 100cm, k\u00f6p 5 liter kruka | K\u00f6p v\u00e4xter enkelt online | Schramas.com","isPartOf":{"@id":"https:\/\/www.schramas.com\/#website"},"primaryImageOfPage":{"@id":"https:\/\/www.schramas.com\/winkel\/malus-domestica-cevaal-appelboom-hoogte-100cm-5-liter-pot\/#primaryimage"},"image":{"@id":"https:\/\/www.schramas.com\/winkel\/malus-domestica-cevaal-appelboom-hoogte-100cm-5-liter-pot\/#primaryimage"},"thumbnailUrl":"https:\/\/www.schramas.com\/wp-content\/uploads\/2025\/06\/Alkmene-Cevaal-sfeer.webp","datePublished":"2025-06-17T12:24:47+00:00","dateModified":"2026-03-26T15:37:43+00:00","breadcrumb":{"@id":"https:\/\/www.schramas.com\/winkel\/malus-domestica-cevaal-appelboom-hoogte-100cm-5-liter-pot\/#breadcrumb"},"inLanguage":"sv-SE","potentialAction":[{"@type":"ReadAction","target":["https:\/\/www.schramas.com\/winkel\/malus-domestica-cevaal-appelboom-hoogte-100cm-5-liter-pot\/"]}]},{"@type":"ImageObject","inLanguage":"sv-SE","@id":"https:\/\/www.schramas.com\/winkel\/malus-domestica-cevaal-appelboom-hoogte-100cm-5-liter-pot\/#primaryimage","url":"https:\/\/www.schramas.com\/wp-content\/uploads\/2025\/06\/Alkmene-Cevaal-sfeer.webp","contentUrl":"https:\/\/www.schramas.com\/wp-content\/uploads\/2025\/06\/Alkmene-Cevaal-sfeer.webp","width":800,"height":800},{"@type":"BreadcrumbList","@id":"https:\/\/www.schramas.com\/winkel\/malus-domestica-cevaal-appelboom-hoogte-100cm-5-liter-pot\/#breadcrumb","itemListElement":[{"@type":"ListItem","position":1,"name":"Product","item":"https:\/\/www.schramas.com\/assortiment\/"},{"@type":"ListItem","position":2,"name":"Bomen &amp; Struiken","item":"https:\/\/www.schramas.com\/product-category\/bomen-struiken\/"},{"@type":"ListItem","position":3,"name":"Malus domestica &#8216;Cevaal&#8217;, Appelboom , Hoogte 100cm, 5 liter pot"}]},{"@type":"WebSite","@id":"https:\/\/www.schramas.com\/#website","url":"https:\/\/www.schramas.com\/","name":"Schramas.com | Tr\u00e4dg\u00e5rdsv\u00e4xter som enkelt kan best\u00e4llas online | Direkt fr\u00e5n v\u00e5r plantskola","description":"","alternateName":"Schramas.com - Alle planten direct van de kweker","potentialAction":[{"@type":"SearchAction","target":{"@type":"EntryPoint","urlTemplate":"https:\/\/www.schramas.com\/?s={search_term_string}"},"query-input":{"@type":"PropertyValueSpecification","valueRequired":true,"valueName":"search_term_string"}}],"inLanguage":"sv-SE"}]}},"_links":{"self":[{"href":"https:\/\/www.schramas.com\/se\/wp-json\/wp\/v2\/product\/53636","targetHints":{"allow":["GET"]}}],"collection":[{"href":"https:\/\/www.schramas.com\/se\/wp-json\/wp\/v2\/product"}],"about":[{"href":"https:\/\/www.schramas.com\/se\/wp-json\/wp\/v2\/types\/product"}],"version-history":[{"count":1,"href":"https:\/\/www.schramas.com\/se\/wp-json\/wp\/v2\/product\/53636\/revisions"}],"predecessor-version":[{"id":53640,"href":"https:\/\/www.schramas.com\/se\/wp-json\/wp\/v2\/product\/53636\/revisions\/53640"}],"wp:featuredmedia":[{"embeddable":true,"href":"https:\/\/www.schramas.com\/se\/wp-json\/wp\/v2\/media\/53637"}],"wp:attachment":[{"href":"https:\/\/www.schramas.com\/se\/wp-json\/wp\/v2\/media?parent=53636"}],"wp:term":[{"taxonomy":"product_brand","embeddable":true,"href":"https:\/\/www.schramas.com\/se\/wp-json\/wp\/v2\/product_brand?post=53636"},{"taxonomy":"product_cat","embeddable":true,"href":"https:\/\/www.schramas.com\/se\/wp-json\/wp\/v2\/product_cat?post=53636"},{"taxonomy":"product_tag","embeddable":true,"href":"https:\/\/www.schramas.com\/se\/wp-json\/wp\/v2\/product_tag?post=53636"}],"curies":[{"name":"wp","href":"https:\/\/api.w.org\/{rel}","templated":true}]}}