{"id":53641,"date":"2025-06-17T14:34:04","date_gmt":"2025-06-17T12:34:04","guid":{"rendered":"https:\/\/www.schramas.com\/?post_type=product&#038;p=53641"},"modified":"2026-07-23T21:05:25","modified_gmt":"2026-07-23T19:05:25","slug":"malus-domestica-james-grieve-appelboom-hoogte-100cm-5-liter-pot","status":"publish","type":"product","link":"https:\/\/www.schramas.com\/se\/winkel\/malus-domestica-james-grieve-appelboom-hoogte-100cm-5-liter-pot\/","title":{"rendered":"Malus domestica 'James Grieve', \u00c4ppeltr\u00e4d , H\u00f6jd 100cm, 5 liter kruka"},"content":{"rendered":"<p data-start=\"77\" data-end=\"394\">Den <strong data-start=\"80\" data-end=\"114\">Malus domestica \u2018James Grieve\u2019<\/strong> \u00e4r en klassisk och omtyckt \u00e4ppelsort fr\u00e5n Skottland, uppkallad efter sin uppt\u00e4ckare fr\u00e5n Edinburgh omkring 1890. Detta \u00e4ppeltr\u00e4d har varit popul\u00e4rt i privata tr\u00e4dg\u00e5rdar och sm\u00e5 frukttr\u00e4dg\u00e5rdar i mer \u00e4n ett sekel p\u00e5 grund av sin rika blomning, utm\u00e4rkta smak och m\u00e5ngsidiga anv\u00e4ndningsomr\u00e5den.<\/p>\n<p data-start=\"396\" data-end=\"889\"><strong data-start=\"396\" data-end=\"417\">Frukt och smak<\/strong><br data-start=\"417\" data-end=\"420\" \/>\u2018James Grieve\u2019 b\u00e4r ganska stora \u00e4pplen med gulgr\u00f6nt skal, ofta med en r\u00f6d rodnad p\u00e5 solsidan. Fruktk\u00f6ttet \u00e4r saftigt, vitt och har en milt syrlig smak. Dessa \u00e4pplen passar s\u00e4rskilt bra som hand\u00e4pplen, men \u00e4r ocks\u00e5 utm\u00e4rkta i \u00e4ppelmos, \u00e4ppelpajer, juice och cider. Sk\u00f6rdetiden \u00e4r mellan slutet av augusti och b\u00f6rjan av september. \u00c4pplena h\u00e5ller sig i h\u00f6gst en till tv\u00e5 m\u00e5nader och smakar b\u00e4st n\u00e4r de \u00e4ts direkt efter plockning.<\/p>\n<p data-start=\"891\" data-end=\"1341\"><strong data-start=\"891\" data-end=\"914\">Blomning och pollinering<\/strong><br data-start=\"914\" data-end=\"917\" \/>P\u00e5 v\u00e5ren, runt b\u00f6rjan av maj, blommar detta tr\u00e4d rikligt med mjuka vitrosa blommor som \u00e4r l\u00e4tt doftande och attraktiva f\u00f6r bin. \u2018James Grieve\u2019 \u00e4r <strong data-start=\"1075\" data-end=\"1093\">sj\u00e4lvpollinerande<\/strong>, men ger \u00e4nnu b\u00e4ttre avkastning n\u00e4r det finns ett annat \u00e4ppeltr\u00e4d i n\u00e4rheten. Dessutom \u00e4r denna sort i sig en <strong data-start=\"1211\" data-end=\"1236\">utm\u00e4rkt pollinat\u00f6r<\/strong> f\u00f6r m\u00e5nga andra \u00e4ppelsorter, t.ex. \u2018Cox\u2019, \u2018Benoni\u2019, \u2018Discovery\u2019, \u2018Pinova\u2019, \u2018Red Boskoop\u2019 och \u2018Delcorf\u2019.<\/p>\n<p data-start=\"1343\" data-end=\"1842\"><strong data-start=\"1343\" data-end=\"1372\">L\u00e4ge och sk\u00f6tsel<\/strong><br data-start=\"1372\" data-end=\"1375\" \/>Detta \u00e4ppeltr\u00e4d v\u00e4xer l\u00e4tt p\u00e5 en solig till halvskuggig plats. Det \u00e4r h\u00e4rdigt och passar i n\u00e4stan alla v\u00e4ldr\u00e4nerade, b\u00f6rdiga jordar. Tr\u00e4det har ett uppr\u00e4tt, medelstort v\u00e4xts\u00e4tt och n\u00e5r s\u00e5 sm\u00e5ningom en h\u00f6jd p\u00e5 ca 3 till 4 meter. Besk\u00e4r helst tr\u00e4det efter sk\u00f6rden eller tidigt p\u00e5 v\u00e5ren f\u00f6r att bevara dess form och produktion. Plocka frukten f\u00f6rst n\u00e4r den \u00e4r helt mogen, eftersom smaken p\u00e5verkas negativt om den sk\u00f6rdas f\u00f6r tidigt.<\/p>\n<p data-start=\"1844\" data-end=\"1883\"><strong data-start=\"1844\" data-end=\"1881\">Varf\u00f6r v\u00e4lja \u2018James Grieve\u2019?\u2019<\/strong><\/p>\n<ul data-start=\"1884\" data-end=\"2058\">\n<li data-start=\"1884\" data-end=\"1915\">\n<p data-start=\"1886\" data-end=\"1915\">P\u00e5litlig och tidig sk\u00f6rd<\/p>\n<\/li>\n<li data-start=\"1916\" data-end=\"1972\">\n<p data-start=\"1918\" data-end=\"1972\">M\u00e5ngsidig: l\u00e4mplig f\u00f6r f\u00e4rsk anv\u00e4ndning och bearbetning<\/p>\n<\/li>\n<li data-start=\"1973\" data-end=\"2016\">\n<p data-start=\"1975\" data-end=\"2016\">Bra pollinat\u00f6r f\u00f6r andra \u00e4ppelsorter<\/p>\n<\/li>\n<li data-start=\"2017\" data-end=\"2058\">\n<p data-start=\"2019\" data-end=\"2058\">L\u00e4ttsk\u00f6tt och stark ras<\/p>\n<\/li>\n<\/ul>\n<p data-start=\"2060\" data-end=\"2081\"><strong data-start=\"2060\" data-end=\"2079\">Produktdata<\/strong><\/p>\n<ul data-start=\"2082\" data-end=\"2593\">\n<li data-start=\"2082\" data-end=\"2137\">\n<p data-start=\"2084\" data-end=\"2137\"><strong data-start=\"2084\" data-end=\"2101\">Latinskt namn<\/strong>: <em data-start=\"2103\" data-end=\"2120\">Malus domestica<\/em> \u2018James Grieve\u2019<\/p>\n<\/li>\n<li data-start=\"2138\" data-end=\"2170\">\n<p data-start=\"2140\" data-end=\"2170\"><strong data-start=\"2140\" data-end=\"2148\">Typ<\/strong>: L\u00e5gstammigt \u00e4ppeltr\u00e4d<\/p>\n<\/li>\n<li data-start=\"2171\" data-end=\"2210\">\n<p data-start=\"2173\" data-end=\"2210\"><strong data-start=\"2173\" data-end=\"2196\">H\u00f6jd vid leverans<\/strong>: ca 100 cm<\/p>\n<\/li>\n<li data-start=\"2211\" data-end=\"2235\">\n<p data-start=\"2213\" data-end=\"2235\"><strong data-start=\"2213\" data-end=\"2224\">Krukstorlek<\/strong>: 5 liter<\/p>\n<\/li>\n<li data-start=\"2236\" data-end=\"2264\">\n<p data-start=\"2238\" data-end=\"2264\"><strong data-start=\"2238\" data-end=\"2251\">Blomningstid<\/strong>: B\u00f6rjan av maj<\/p>\n<\/li>\n<li data-start=\"2265\" data-end=\"2308\">\n<p data-start=\"2267\" data-end=\"2308\"><strong data-start=\"2267\" data-end=\"2279\">Plocktid<\/strong>: slutet av augusti - september<\/p>\n<\/li>\n<li data-start=\"2309\" data-end=\"2335\">\n<p data-start=\"2311\" data-end=\"2335\"><strong data-start=\"2311\" data-end=\"2329\">Sj\u00e4lvpollinerande<\/strong>: Ja<\/p>\n<\/li>\n<li data-start=\"2336\" data-end=\"2393\">\n<p data-start=\"2338\" data-end=\"2393\"><strong data-start=\"2338\" data-end=\"2356\">Pollinat\u00f6r f\u00f6r<\/strong>: inklusive Cox, Benoni, Elstar, Delcorf<\/p>\n<\/li>\n<li data-start=\"2394\" data-end=\"2438\">\n<p data-start=\"2396\" data-end=\"2438\"><strong data-start=\"2396\" data-end=\"2411\">Fruktens f\u00e4rg<\/strong>: Gulgr\u00f6n med r\u00f6d rodnad<\/p>\n<\/li>\n<li data-start=\"2439\" data-end=\"2483\">\n<p data-start=\"2441\" data-end=\"2483\"><strong data-start=\"2441\" data-end=\"2450\">Smak<\/strong>: Milt syrlig, saftig, aromatisk<\/p>\n<\/li>\n<li data-start=\"2484\" data-end=\"2531\">\n<p data-start=\"2486\" data-end=\"2531\"><strong data-start=\"2486\" data-end=\"2500\">Jordtyp<\/strong>: V\u00e4l genomtr\u00e4nglig, b\u00f6rdig<\/p>\n<\/li>\n<li data-start=\"2532\" data-end=\"2570\">\n<p data-start=\"2534\" data-end=\"2570\"><strong data-start=\"2534\" data-end=\"2549\">Plats<\/strong>: Sol - halvskugga<\/p>\n<\/li>\n<li data-start=\"2571\" data-end=\"2593\">\n<p data-start=\"2573\" data-end=\"2593\"><strong data-start=\"2573\" data-end=\"2587\">Hardy<\/strong>: Ja<\/p>\n<\/li>\n<\/ul>","protected":false},"excerpt":{"rendered":"<p>Malus domestica \u2018James Grieve\u2019<\/p>\n<p>Tidigt \u00e4pple och bra pollinat\u00f6r!<\/p>\n<p>Smak: frisk-s\u00f6t.<\/p>\n<p>Max h\u00f6jd: 3,5 meter<\/p>\n<p>Leveransh\u00f6jd inkl. kruka: 100 cm<\/p>\n<p>Krukstorlek: 5 liter.<\/p>","protected":false},"featured_media":53642,"template":"","meta":{"_joinchat":[]},"product_brand":[],"product_cat":[20,262,233],"product_tag":[2216,3109,3110,3112,3106,3108,1819,1809,1277,2224,3104,3111,2215,3105,3090,1880,3107,1073,316],"class_list":{"0":"post-53641","1":"product","2":"type-product","3":"status-publish","4":"has-post-thumbnail","6":"product_cat-appels","7":"product_cat-bomen-struiken","8":"product_cat-fruitbomen","9":"product_tag-appelboom","10":"product_tag-appelboom-klein-formaat","11":"product_tag-appelboom-kopen","12":"product_tag-appelboom-voor-kleine-tuin","13":"product_tag-appelmoes","14":"product_tag-bestuiver-appel","15":"product_tag-boomgaard","16":"product_tag-eetbare-tuin","17":"product_tag-fruitboom","18":"product_tag-handappel","19":"product_tag-james-grieve","20":"product_tag-laagstam-appelboom","21":"product_tag-malus-domestica","22":"product_tag-moesappel","23":"product_tag-pluktijd-augustus","24":"product_tag-tuinfruit","25":"product_tag-vroege-appel","26":"product_tag-witte-bloesem","27":"product_tag-zelfbestuivend","28":"pa_ewd_uwcf_colors-groen-2","29":"pa_groeihoogte-300-cm","30":"pa_pot-5-liter-pot","32":"first","33":"instock","34":"taxable","35":"shipping-taxable","36":"purchasable","37":"product-type-simple"},"yoast_head":"<!-- This site is optimized with the Yoast SEO plugin v24.2 - https:\/\/yoast.com\/wordpress\/plugins\/seo\/ -->\n<title>Malus domestica &#039;James Grieve&#039;, Appelboom , Hoogte 100cm, 5 liter pot kopen | Planten eenvoudig online bestellen | Schramas.com<\/title>\n<meta name=\"robots\" content=\"index, follow, max-snippet:-1, max-image-preview:large, max-video-preview:-1\" \/>\n<link rel=\"canonical\" href=\"https:\/\/www.schramas.com\/se\/butik\/malus-domestica-james-grieve-appelboom-hoogte-100cm-5-liter-pot\/\" \/>\n<meta property=\"og:locale\" content=\"sv_SE\" \/>\n<meta property=\"og:type\" content=\"article\" \/>\n<meta property=\"og:title\" content=\"Malus domestica &#039;James Grieve&#039;, Appelboom , Hoogte 100cm, 5 liter pot kopen | Planten eenvoudig online bestellen | Schramas.com\" \/>\n<meta property=\"og:description\" content=\"Malus domestica &#039;James Grieve&#039;  Vroege appel en goede bestuiver!  Smaak: fris- zoet.  Hoogte max: 3,5 meter  Leverhoogte incl. pot: 100 cm  Pot maat: 5 liter.\" \/>\n<meta property=\"og:url\" content=\"https:\/\/www.schramas.com\/se\/butik\/malus-domestica-james-grieve-appelboom-hoogte-100cm-5-liter-pot\/\" \/>\n<meta property=\"og:site_name\" content=\"Planten eenvoudig online bestellen | Schramas.com\" \/>\n<meta property=\"article:publisher\" content=\"https:\/\/www.facebook.com\/Schramascom-106872874153195\/\" \/>\n<meta property=\"article:modified_time\" content=\"2026-07-23T19:05:25+00:00\" \/>\n<meta property=\"og:image\" content=\"http:\/\/www.schramas.com\/wp-content\/uploads\/2025\/06\/James-grieve-sfeer.webp\" \/>\n\t<meta property=\"og:image:width\" content=\"800\" \/>\n\t<meta property=\"og:image:height\" content=\"800\" \/>\n\t<meta property=\"og:image:type\" content=\"image\/webp\" \/>\n<meta name=\"twitter:card\" content=\"summary_large_image\" \/>\n<meta name=\"twitter:label1\" content=\"Ber\u00e4knad l\u00e4stid\" \/>\n\t<meta name=\"twitter:data1\" content=\"1 minut\" \/>\n<script type=\"application\/ld+json\" class=\"yoast-schema-graph\">{\"@context\":\"https:\/\/schema.org\",\"@graph\":[{\"@type\":[\"WebPage\",\"ItemPage\"],\"@id\":\"https:\/\/www.schramas.com\/winkel\/malus-domestica-james-grieve-appelboom-hoogte-100cm-5-liter-pot\/\",\"url\":\"https:\/\/www.schramas.com\/winkel\/malus-domestica-james-grieve-appelboom-hoogte-100cm-5-liter-pot\/\",\"name\":\"Malus domestica 'James Grieve', Appelboom , Hoogte 100cm, 5 liter pot kopen | Planten eenvoudig online bestellen | Schramas.com\",\"isPartOf\":{\"@id\":\"https:\/\/www.schramas.com\/#website\"},\"primaryImageOfPage\":{\"@id\":\"https:\/\/www.schramas.com\/winkel\/malus-domestica-james-grieve-appelboom-hoogte-100cm-5-liter-pot\/#primaryimage\"},\"image\":{\"@id\":\"https:\/\/www.schramas.com\/winkel\/malus-domestica-james-grieve-appelboom-hoogte-100cm-5-liter-pot\/#primaryimage\"},\"thumbnailUrl\":\"https:\/\/www.schramas.com\/wp-content\/uploads\/2025\/06\/James-grieve-sfeer.webp\",\"datePublished\":\"2025-06-17T12:34:04+00:00\",\"dateModified\":\"2026-07-23T19:05:25+00:00\",\"breadcrumb\":{\"@id\":\"https:\/\/www.schramas.com\/winkel\/malus-domestica-james-grieve-appelboom-hoogte-100cm-5-liter-pot\/#breadcrumb\"},\"inLanguage\":\"sv-SE\",\"potentialAction\":[{\"@type\":\"ReadAction\",\"target\":[\"https:\/\/www.schramas.com\/winkel\/malus-domestica-james-grieve-appelboom-hoogte-100cm-5-liter-pot\/\"]}]},{\"@type\":\"ImageObject\",\"inLanguage\":\"sv-SE\",\"@id\":\"https:\/\/www.schramas.com\/winkel\/malus-domestica-james-grieve-appelboom-hoogte-100cm-5-liter-pot\/#primaryimage\",\"url\":\"https:\/\/www.schramas.com\/wp-content\/uploads\/2025\/06\/James-grieve-sfeer.webp\",\"contentUrl\":\"https:\/\/www.schramas.com\/wp-content\/uploads\/2025\/06\/James-grieve-sfeer.webp\",\"width\":800,\"height\":800},{\"@type\":\"BreadcrumbList\",\"@id\":\"https:\/\/www.schramas.com\/winkel\/malus-domestica-james-grieve-appelboom-hoogte-100cm-5-liter-pot\/#breadcrumb\",\"itemListElement\":[{\"@type\":\"ListItem\",\"position\":1,\"name\":\"Product\",\"item\":\"https:\/\/www.schramas.com\/assortiment\/\"},{\"@type\":\"ListItem\",\"position\":2,\"name\":\"Bomen &amp; Struiken\",\"item\":\"https:\/\/www.schramas.com\/product-category\/bomen-struiken\/\"},{\"@type\":\"ListItem\",\"position\":3,\"name\":\"Malus domestica &#8216;James Grieve&#8217;, Appelboom , Hoogte 100cm, 5 liter pot\"}]},{\"@type\":\"WebSite\",\"@id\":\"https:\/\/www.schramas.com\/#website\",\"url\":\"https:\/\/www.schramas.com\/\",\"name\":\"Schramas.com | Tuinplanten eenvoudig online bestellen | Direct van onze Kwekerij\",\"description\":\"\",\"alternateName\":\"Schramas.com - Alle planten direct van de kweker\",\"potentialAction\":[{\"@type\":\"SearchAction\",\"target\":{\"@type\":\"EntryPoint\",\"urlTemplate\":\"https:\/\/www.schramas.com\/?s={search_term_string}\"},\"query-input\":{\"@type\":\"PropertyValueSpecification\",\"valueRequired\":true,\"valueName\":\"search_term_string\"}}],\"inLanguage\":\"sv-SE\"}]}<\/script>\n<!-- \/ Yoast SEO plugin. -->","yoast_head_json":{"title":"Malus domestica 'James Grieve', Appelboom , Hoogte 100cm, 5 liter pot kopen | Planten eenvoudig online bestellen | Schramas.com","robots":{"index":"index","follow":"follow","max-snippet":"max-snippet:-1","max-image-preview":"max-image-preview:large","max-video-preview":"max-video-preview:-1"},"canonical":"https:\/\/www.schramas.com\/se\/butik\/malus-domestica-james-grieve-appelboom-hoogte-100cm-5-liter-pot\/","og_locale":"sv_SE","og_type":"article","og_title":"Malus domestica 'James Grieve', Appelboom , Hoogte 100cm, 5 liter pot kopen | Planten eenvoudig online bestellen | Schramas.com","og_description":"Malus domestica 'James Grieve'  Vroege appel en goede bestuiver!  Smaak: fris- zoet.  Hoogte max: 3,5 meter  Leverhoogte incl. pot: 100 cm  Pot maat: 5 liter.","og_url":"https:\/\/www.schramas.com\/se\/butik\/malus-domestica-james-grieve-appelboom-hoogte-100cm-5-liter-pot\/","og_site_name":"Planten eenvoudig online bestellen | Schramas.com","article_publisher":"https:\/\/www.facebook.com\/Schramascom-106872874153195\/","article_modified_time":"2026-07-23T19:05:25+00:00","og_image":[{"width":800,"height":800,"url":"http:\/\/www.schramas.com\/wp-content\/uploads\/2025\/06\/James-grieve-sfeer.webp","type":"image\/webp"}],"twitter_card":"summary_large_image","twitter_misc":{"Ber\u00e4knad l\u00e4stid":"1 minut"},"schema":{"@context":"https:\/\/schema.org","@graph":[{"@type":["WebPage","ItemPage"],"@id":"https:\/\/www.schramas.com\/winkel\/malus-domestica-james-grieve-appelboom-hoogte-100cm-5-liter-pot\/","url":"https:\/\/www.schramas.com\/winkel\/malus-domestica-james-grieve-appelboom-hoogte-100cm-5-liter-pot\/","name":"Malus domestica 'James Grieve', Appelboom , Hoogte 100cm, 5 liter pot kopen | Planten eenvoudig online bestellen | Schramas.com","isPartOf":{"@id":"https:\/\/www.schramas.com\/#website"},"primaryImageOfPage":{"@id":"https:\/\/www.schramas.com\/winkel\/malus-domestica-james-grieve-appelboom-hoogte-100cm-5-liter-pot\/#primaryimage"},"image":{"@id":"https:\/\/www.schramas.com\/winkel\/malus-domestica-james-grieve-appelboom-hoogte-100cm-5-liter-pot\/#primaryimage"},"thumbnailUrl":"https:\/\/www.schramas.com\/wp-content\/uploads\/2025\/06\/James-grieve-sfeer.webp","datePublished":"2025-06-17T12:34:04+00:00","dateModified":"2026-07-23T19:05:25+00:00","breadcrumb":{"@id":"https:\/\/www.schramas.com\/winkel\/malus-domestica-james-grieve-appelboom-hoogte-100cm-5-liter-pot\/#breadcrumb"},"inLanguage":"sv-SE","potentialAction":[{"@type":"ReadAction","target":["https:\/\/www.schramas.com\/winkel\/malus-domestica-james-grieve-appelboom-hoogte-100cm-5-liter-pot\/"]}]},{"@type":"ImageObject","inLanguage":"sv-SE","@id":"https:\/\/www.schramas.com\/winkel\/malus-domestica-james-grieve-appelboom-hoogte-100cm-5-liter-pot\/#primaryimage","url":"https:\/\/www.schramas.com\/wp-content\/uploads\/2025\/06\/James-grieve-sfeer.webp","contentUrl":"https:\/\/www.schramas.com\/wp-content\/uploads\/2025\/06\/James-grieve-sfeer.webp","width":800,"height":800},{"@type":"BreadcrumbList","@id":"https:\/\/www.schramas.com\/winkel\/malus-domestica-james-grieve-appelboom-hoogte-100cm-5-liter-pot\/#breadcrumb","itemListElement":[{"@type":"ListItem","position":1,"name":"Product","item":"https:\/\/www.schramas.com\/assortiment\/"},{"@type":"ListItem","position":2,"name":"Bomen &amp; Struiken","item":"https:\/\/www.schramas.com\/product-category\/bomen-struiken\/"},{"@type":"ListItem","position":3,"name":"Malus domestica &#8216;James Grieve&#8217;, Appelboom , Hoogte 100cm, 5 liter pot"}]},{"@type":"WebSite","@id":"https:\/\/www.schramas.com\/#website","url":"https:\/\/www.schramas.com\/","name":"Schramas.com | Tr\u00e4dg\u00e5rdsv\u00e4xter som enkelt kan best\u00e4llas online | Direkt fr\u00e5n v\u00e5r plantskola","description":"","alternateName":"Schramas.com - Alle planten direct van de kweker","potentialAction":[{"@type":"SearchAction","target":{"@type":"EntryPoint","urlTemplate":"https:\/\/www.schramas.com\/?s={search_term_string}"},"query-input":{"@type":"PropertyValueSpecification","valueRequired":true,"valueName":"search_term_string"}}],"inLanguage":"sv-SE"}]}},"_links":{"self":[{"href":"https:\/\/www.schramas.com\/se\/wp-json\/wp\/v2\/product\/53641","targetHints":{"allow":["GET"]}}],"collection":[{"href":"https:\/\/www.schramas.com\/se\/wp-json\/wp\/v2\/product"}],"about":[{"href":"https:\/\/www.schramas.com\/se\/wp-json\/wp\/v2\/types\/product"}],"version-history":[{"count":1,"href":"https:\/\/www.schramas.com\/se\/wp-json\/wp\/v2\/product\/53641\/revisions"}],"predecessor-version":[{"id":53645,"href":"https:\/\/www.schramas.com\/se\/wp-json\/wp\/v2\/product\/53641\/revisions\/53645"}],"wp:featuredmedia":[{"embeddable":true,"href":"https:\/\/www.schramas.com\/se\/wp-json\/wp\/v2\/media\/53642"}],"wp:attachment":[{"href":"https:\/\/www.schramas.com\/se\/wp-json\/wp\/v2\/media?parent=53641"}],"wp:term":[{"taxonomy":"product_brand","embeddable":true,"href":"https:\/\/www.schramas.com\/se\/wp-json\/wp\/v2\/product_brand?post=53641"},{"taxonomy":"product_cat","embeddable":true,"href":"https:\/\/www.schramas.com\/se\/wp-json\/wp\/v2\/product_cat?post=53641"},{"taxonomy":"product_tag","embeddable":true,"href":"https:\/\/www.schramas.com\/se\/wp-json\/wp\/v2\/product_tag?post=53641"}],"curies":[{"name":"wp","href":"https:\/\/api.w.org\/{rel}","templated":true}]}}