{"id":63915,"date":"2025-12-09T12:03:02","date_gmt":"2025-12-09T11:03:02","guid":{"rendered":"https:\/\/www.schramas.com\/?post_type=product&#038;p=63915"},"modified":"2026-04-03T16:31:29","modified_gmt":"2026-04-03T14:31:29","slug":"malus-domestica-gammal-appeltrad-stjarnapple-m9-grundstam-45-liters-kruka-ca-2-m","status":"publish","type":"product","link":"https:\/\/www.schramas.com\/se\/winkel\/malus-domestica-oude-appelboom-stersappel-onderstam-m9-45l-pot-ca-2m\/","title":{"rendered":"Malus domestica - Gammalt \u00e4ppeltr\u00e4d \u2018Star Apple\u2019 - Rotstock M9 - 45L kruka - ca 2m"},"content":{"rendered":"<p data-start=\"212\" data-end=\"373\">Dessa \u2018gamla\u2019 \u00e4ppeltr\u00e4d ger direkt mogen struktur, karakt\u00e4r och avkastning i tr\u00e4dg\u00e5rden; fullvuxna exemplar i stora krukor, redo f\u00f6r omedelbar plantering.<\/p>\n<p data-start=\"375\" data-end=\"992\">Den <strong data-start=\"378\" data-end=\"410\">Malus domestica \u2018Stersappel\u2019<\/strong> \u00e4r en traditionell nederl\u00e4ndsk \u00e4ppelsort som \u00e4r k\u00e4nd f\u00f6r sin <strong data-start=\"475\" data-end=\"504\">mindre, s\u00f6tsura \u00e4pplen<\/strong> med en utpr\u00e4glad arom. Sorten \u00e4r omtyckt f\u00f6r sina dekorativa frukter med den karakteristiska <strong data-start=\"606\" data-end=\"645\">stj\u00e4rnm\u00f6nster i k\u00e4rnans tv\u00e4rsnitt<\/strong>. \u00c4pplena \u00e4r perfekta att \u00e4ta f\u00e4rska, men passar ocks\u00e5 utm\u00e4rkt till \u00e4ppelmos, juice och som dekoration. Detta gamla \u00e4ppeltr\u00e4d levereras med en h\u00f6jd p\u00e5 cirka <strong data-start=\"814\" data-end=\"825\">2 meter<\/strong>, uppvuxen i en <strong data-start=\"845\" data-end=\"861\">45 liters kruka<\/strong> p\u00e5 <strong data-start=\"865\" data-end=\"881\">grundstam M9<\/strong>. Denna grundstam ger en <strong data-start=\"913\" data-end=\"933\">mer kompakt tillv\u00e4xt<\/strong>, enkel hantering och <strong data-start=\"965\" data-end=\"991\">snabb fruktproduktion<\/strong>.<\/p>\n<p data-start=\"994\" data-end=\"1396\">Stj\u00e4rnapelsinen blommar rikligt p\u00e5 v\u00e5ren med vita till ljusrosa blommor som lockar m\u00e5nga bin. Sk\u00f6rden \u00e4ger rum under <strong data-start=\"1116\" data-end=\"1138\">sensommar till h\u00f6st<\/strong>, d\u00e4r tr\u00e4det b\u00e4r sm\u00e5 till medelstora frukter med en karakteristisk smak och en vacker, r\u00f6d rodnad. Stersappel \u00e4r <strong data-start=\"1271\" data-end=\"1303\">inte helt sj\u00e4lvpollinerande<\/strong>, vilket g\u00f6r att det \u00e4r \u00f6nskv\u00e4rt med en bra pollinerare, s\u00e5som \u2018Elstar\u2019, \u2018James Grieve\u2019 eller \u2018Zoete Emgaard\u2019.<\/p>\n<p data-start=\"1398\" data-end=\"1817\">Detta \u00e4ppeltr\u00e4d \u00e4r <strong data-start=\"1416\" data-end=\"1430\">Hardy<\/strong>, \u00e4r t\u00e5lig mot v\u00e4xlande v\u00e4derf\u00f6rh\u00e5llanden och trivs b\u00e4st p\u00e5 en <strong data-start=\"1519\" data-end=\"1566\">solig, b\u00f6rdig och v\u00e4ldr\u00e4nerad jord<\/strong>. Tack vare M9-understammens kompakta v\u00e4xts\u00e4tt f\u00f6rblir tr\u00e4det \u00f6versk\u00e5dligt och passar s\u00e4rskilt bra i mindre tr\u00e4dg\u00e5rdar eller frukttr\u00e4dg\u00e5rdar. Eftersom tr\u00e4det redan \u00e4r fullvuxet ger det omedelbart frukt och tillf\u00f6r genast volym och karakt\u00e4r till tr\u00e4dg\u00e5rden.<\/p>\n<p data-start=\"1819\" data-end=\"1893\">F\u00f6r s\u00e4ker transport \u00e4r dessa tunga tr\u00e4d <strong data-start=\"1865\" data-end=\"1892\">levereras p\u00e5 pall<\/strong>.<\/p>\n<p data-start=\"1895\" data-end=\"2167\"><strong data-start=\"1895\" data-end=\"1909\">F\u00f6rdelar:<\/strong><br data-start=\"1909\" data-end=\"1912\" \/>Stort, moget \u00e4ppeltr\u00e4d (ca 2 m h\u00f6gt)<br data-start=\"1954\" data-end=\"1957\" \/>Understammen M9: kompakt, l\u00e4tt att sk\u00f6ta och ger snabbt frukt<br data-start=\"2012\" data-end=\"2015\" \/>S\u00f6tsura \u00e4pplen med det karakteristiska stj\u00e4rnm\u00f6nstret<br data-start=\"2057\" data-end=\"2060\" \/>Vackra v\u00e5rblommor, biv\u00e4nliga<br data-start=\"2098\" data-end=\"2101\" \/>T\u00e5lig och l\u00e4ttsk\u00f6tt<br data-start=\"2136\" data-end=\"2139\" \/>S\u00e4kert levererad p\u00e5 pall<\/p>\n<p data-start=\"2169\" data-end=\"2450\"><strong data-start=\"2169\" data-end=\"2212\">Varf\u00f6r v\u00e4lja detta gamla frukttr\u00e4d?<\/strong><br data-start=\"2212\" data-end=\"2215\" \/>\u2714 Traditionell sort med unik utstr\u00e5lning och karakteristisk smak<br data-start=\"2276\" data-end=\"2279\" \/>\u2714 Kompakt tillv\u00e4xt tack vare M9-grundstammen, perfekt f\u00f6r mindre tr\u00e4dg\u00e5rdar<br data-start=\"2342\" data-end=\"2345\" \/>\u2714 Omedelbart moget tr\u00e4d med snabb avkastning<br data-start=\"2389\" data-end=\"2392\" \/>\u2714 H\u00e4rdig och l\u00e4mplig f\u00f6r en m\u00e4ngd olika jordtyper<\/p>\n<p data-start=\"2452\" data-end=\"2596\"><strong data-start=\"2452\" data-end=\"2473\">Blomning och frukt:<\/strong><br data-start=\"2473\" data-end=\"2476\" \/>Blomning i april-maj; sk\u00f6rd i <strong data-start=\"2505\" data-end=\"2526\">september\u2013oktober<\/strong>. \u00c4pplena \u00e4r aromatiska, l\u00e4tt syrliga och kan anv\u00e4ndas p\u00e5 m\u00e5nga olika s\u00e4tt.<\/p>\n<p data-start=\"2598\" data-end=\"2817\"><strong data-start=\"2598\" data-end=\"2627\">Pitch &amp; sk\u00f6tsel:<\/strong><br data-start=\"2627\" data-end=\"2630\" \/>Soligt l\u00e4ge; n\u00e4ringsrik, v\u00e4ldr\u00e4nerad jord. Vattna regelbundet efter plantering. \u00c5rlig vinterbesk\u00e4rning fr\u00e4mjar en \u00f6ppen krona och \u00f6kar avkastningen. Pollinat\u00f6rer rekommenderas.<\/p>\n<p data-start=\"2819\" data-end=\"3069\"><strong data-start=\"2819\" data-end=\"2853\">Specifikationerna i korthet<\/strong><br data-start=\"2853\" data-end=\"2856\" \/>- H\u00f6jd vid leverans: ca 2 m<br data-start=\"2886\" data-end=\"2889\" \/>- Krukans storlek: 45 L<br data-start=\"2904\" data-end=\"2907\" \/>\u2022 Grundstam: M9<br data-start=\"2922\" data-end=\"2925\" \/>- Blomning: april-maj<br data-start=\"2943\" data-end=\"2946\" \/>- Sk\u00f6rd: september-oktober<br data-start=\"2972\" data-end=\"2975\" \/>- Port de la plante : kompakt gammal tr\u00e4dstruktur<br data-start=\"3016\" data-end=\"3019\" \/>\u2022 L\u00e4mplig f\u00f6r: tr\u00e4dg\u00e5rd, g\u00e5rdsplan, mindre frukttr\u00e4dg\u00e5rdar<\/p>\n<p data-start=\"3071\" data-end=\"3233\">V\u00e5r Stersappel p\u00e5 M9 \u00e4r ett charmigt, fruktbart och karakt\u00e4rsfullt tr\u00e4d som omedelbart ger tr\u00e4dg\u00e5rden ett merv\u00e4rde. (Det levererade tr\u00e4det kan avvika n\u00e5got fr\u00e5n bilden.)<\/p>","protected":false},"excerpt":{"rendered":"<p>\u2022 1 x Malus domestica \u2018Stersappel\u2019 \u2013 grundstam M9 \u2013 aromatiska, s\u00f6tsura \u00e4pplen<br data-start=\"3392\" data-end=\"3395\" \/>- Leveransh\u00f6jd ca 2 m - krukstorlek 45 liter<br data-start=\"3435\" data-end=\"3438\" \/>\u2022 Beh\u00f6ver pollinering, bra kombinationer: \u2018Elstar\u2019, \u2018James Grieve\u2019, \u2018Zoete Emgaard\u2019<br data-start=\"3518\" data-end=\"3521\" \/>- Sk\u00f6rd i september-oktober<br data-start=\"3549\" data-end=\"3552\" \/>- Placering: sol - b\u00f6rdig, v\u00e4ldr\u00e4nerad jord<br data-start=\"3605\" data-end=\"3608\" \/>\u2022 Vinterh\u00e4rdig, kompakt v\u00e4xts\u00e4tt tack vare M9-grundstammen<br data-start=\"3654\" data-end=\"3657\" \/>- Frakt: p\u00e5 pall f\u00f6r s\u00e4ker transport<\/p>","protected":false},"featured_media":63916,"template":"","meta":{"_joinchat":[]},"product_brand":[],"product_cat":[233,3716],"product_tag":[3725,3729,3728,3730,4173,4175,3721,691,3722,3720,3114,4174,3732,3727,4176,2179,2215,3719,2214,3724,3718,3726,3113,4178,3731,4177],"class_list":{"0":"post-63915","1":"product","2":"type-product","3":"status-publish","4":"has-post-thumbnail","6":"product_cat-fruitbomen","7":"product_cat-oude-en-grote-fruitbomen","8":"product_tag-appelbomen-kwekerij","9":"product_tag-appelboom-zelfplukkend","10":"product_tag-appeloogst","11":"product_tag-bestuivende-rassen","12":"product_tag-bitterfeld","13":"product_tag-bramley","14":"product_tag-bramley-appel","15":"product_tag-ecolette","16":"product_tag-elstar-boom","17":"product_tag-fruitboom-45l","18":"product_tag-goudreinet","19":"product_tag-groninger-kroon-appel","20":"product_tag-grote-fruitboom-kopen","21":"product_tag-hoogstam-appel","22":"product_tag-m111","23":"product_tag-m9","24":"product_tag-malus-domestica","25":"product_tag-nostalgische-appelrassen","26":"product_tag-notarisappel","27":"product_tag-notenfruitboom-alternatief","28":"product_tag-oude-appelboom","29":"product_tag-pluktuin","30":"product_tag-rode-boskoop","31":"product_tag-sterappel","32":"product_tag-winterharde-appels","33":"product_tag-zoete-emgaard","34":"product_shipping_class-grote-fruitbomen","35":"pa_ewd_uwcf_colors-groen-2","36":"pa_groeihoogte-300-cm","37":"pa_pot-45-liter-pot","39":"first","40":"instock","41":"taxable","42":"shipping-taxable","43":"purchasable","44":"product-type-simple"},"yoast_head":"<!-- This site is optimized with the Yoast SEO plugin v24.2 - https:\/\/yoast.com\/wordpress\/plugins\/seo\/ -->\n<title>Malus domestica - Oude Appelboom &#039;Sterappel&#039; - Onderstam M9 - 45L pot - ca. 2m kopen | Planten eenvoudig online bestellen | Schramas.com<\/title>\n<meta name=\"robots\" content=\"index, follow, max-snippet:-1, max-image-preview:large, max-video-preview:-1\" \/>\n<link rel=\"canonical\" href=\"https:\/\/www.schramas.com\/se\/butik\/malus-domestica-gammal-appeltrad-stjarnapple-m9-grundstam-45-liters-kruka-ca-2-m\/\" \/>\n<meta property=\"og:locale\" content=\"sv_SE\" \/>\n<meta property=\"og:type\" content=\"article\" \/>\n<meta property=\"og:title\" content=\"Malus domestica - Oude Appelboom &#039;Sterappel&#039; - Onderstam M9 - 45L pot - ca. 2m kopen | Planten eenvoudig online bestellen | Schramas.com\" \/>\n<meta property=\"og:description\" content=\"\u2022 1 x Malus domestica \u2018Stersappel\u2019 \u2013 onderstam M9 \u2013 aromatische zoetzure appels\u2022 Leverhoogte ca. 2 m \u2013 potmaat 45 liter\u2022 Bestuiving nodig, goede combinaties: \u2018Elstar\u2019, \u2018James Grieve\u2019, \u2018Zoete Emgaard\u2019\u2022 Oogst in september\u2013oktober\u2022 Standplaats: zon \u2013 voedzame, goed doorlatende grond\u2022 Winterhard, compacte groei door M9-onderstam\u2022 Verzending: op pallet voor veilig transport\" \/>\n<meta property=\"og:url\" content=\"https:\/\/www.schramas.com\/se\/butik\/malus-domestica-gammal-appeltrad-stjarnapple-m9-grundstam-45-liters-kruka-ca-2-m\/\" \/>\n<meta property=\"og:site_name\" content=\"Planten eenvoudig online bestellen | Schramas.com\" \/>\n<meta property=\"article:publisher\" content=\"https:\/\/www.facebook.com\/Schramascom-106872874153195\/\" \/>\n<meta property=\"article:modified_time\" content=\"2026-04-03T14:31:29+00:00\" \/>\n<meta property=\"og:image\" content=\"http:\/\/www.schramas.com\/wp-content\/uploads\/2025\/12\/IMG20250822152138-scaled.jpg\" \/>\n\t<meta property=\"og:image:width\" content=\"1920\" \/>\n\t<meta property=\"og:image:height\" content=\"2560\" \/>\n\t<meta property=\"og:image:type\" content=\"image\/jpeg\" \/>\n<meta name=\"twitter:card\" content=\"summary_large_image\" \/>\n<meta name=\"twitter:label1\" content=\"Ber\u00e4knad l\u00e4stid\" \/>\n\t<meta name=\"twitter:data1\" content=\"1 minut\" \/>\n<script type=\"application\/ld+json\" class=\"yoast-schema-graph\">{\"@context\":\"https:\/\/schema.org\",\"@graph\":[{\"@type\":[\"WebPage\",\"ItemPage\"],\"@id\":\"https:\/\/www.schramas.com\/winkel\/malus-domestica-oude-appelboom-stersappel-onderstam-m9-45l-pot-ca-2m\/\",\"url\":\"https:\/\/www.schramas.com\/winkel\/malus-domestica-oude-appelboom-stersappel-onderstam-m9-45l-pot-ca-2m\/\",\"name\":\"Malus domestica - Oude Appelboom 'Sterappel' - Onderstam M9 - 45L pot - ca. 2m kopen | Planten eenvoudig online bestellen | Schramas.com\",\"isPartOf\":{\"@id\":\"https:\/\/www.schramas.com\/#website\"},\"primaryImageOfPage\":{\"@id\":\"https:\/\/www.schramas.com\/winkel\/malus-domestica-oude-appelboom-stersappel-onderstam-m9-45l-pot-ca-2m\/#primaryimage\"},\"image\":{\"@id\":\"https:\/\/www.schramas.com\/winkel\/malus-domestica-oude-appelboom-stersappel-onderstam-m9-45l-pot-ca-2m\/#primaryimage\"},\"thumbnailUrl\":\"https:\/\/www.schramas.com\/wp-content\/uploads\/2025\/12\/IMG20250822152138-scaled.jpg\",\"datePublished\":\"2025-12-09T11:03:02+00:00\",\"dateModified\":\"2026-04-03T14:31:29+00:00\",\"breadcrumb\":{\"@id\":\"https:\/\/www.schramas.com\/winkel\/malus-domestica-oude-appelboom-stersappel-onderstam-m9-45l-pot-ca-2m\/#breadcrumb\"},\"inLanguage\":\"sv-SE\",\"potentialAction\":[{\"@type\":\"ReadAction\",\"target\":[\"https:\/\/www.schramas.com\/winkel\/malus-domestica-oude-appelboom-stersappel-onderstam-m9-45l-pot-ca-2m\/\"]}]},{\"@type\":\"ImageObject\",\"inLanguage\":\"sv-SE\",\"@id\":\"https:\/\/www.schramas.com\/winkel\/malus-domestica-oude-appelboom-stersappel-onderstam-m9-45l-pot-ca-2m\/#primaryimage\",\"url\":\"https:\/\/www.schramas.com\/wp-content\/uploads\/2025\/12\/IMG20250822152138-scaled.jpg\",\"contentUrl\":\"https:\/\/www.schramas.com\/wp-content\/uploads\/2025\/12\/IMG20250822152138-scaled.jpg\",\"width\":1920,\"height\":2560,\"caption\":\"oplus_3211314\"},{\"@type\":\"BreadcrumbList\",\"@id\":\"https:\/\/www.schramas.com\/winkel\/malus-domestica-oude-appelboom-stersappel-onderstam-m9-45l-pot-ca-2m\/#breadcrumb\",\"itemListElement\":[{\"@type\":\"ListItem\",\"position\":1,\"name\":\"Product\",\"item\":\"https:\/\/www.schramas.com\/assortiment\/\"},{\"@type\":\"ListItem\",\"position\":2,\"name\":\"Bomen &amp; Struiken\",\"item\":\"https:\/\/www.schramas.com\/product-category\/bomen-struiken\/\"},{\"@type\":\"ListItem\",\"position\":3,\"name\":\"Fruitbomen\",\"item\":\"https:\/\/www.schramas.com\/product-category\/bomen-struiken\/fruitbomen\/\"},{\"@type\":\"ListItem\",\"position\":4,\"name\":\"Oude\/grote fruitbomen\",\"item\":\"https:\/\/www.schramas.com\/product-category\/bomen-struiken\/fruitbomen\/oude-en-grote-fruitbomen\/\"},{\"@type\":\"ListItem\",\"position\":5,\"name\":\"Malus domestica &#8211; Oude Appelboom &#8216;Sterappel&#8217; &#8211; Onderstam M9 &#8211; 45L pot &#8211; ca. 2m\"}]},{\"@type\":\"WebSite\",\"@id\":\"https:\/\/www.schramas.com\/#website\",\"url\":\"https:\/\/www.schramas.com\/\",\"name\":\"Schramas.com | Tuinplanten eenvoudig online bestellen | Direct van onze Kwekerij\",\"description\":\"\",\"alternateName\":\"Schramas.com - Alle planten direct van de kweker\",\"potentialAction\":[{\"@type\":\"SearchAction\",\"target\":{\"@type\":\"EntryPoint\",\"urlTemplate\":\"https:\/\/www.schramas.com\/?s={search_term_string}\"},\"query-input\":{\"@type\":\"PropertyValueSpecification\",\"valueRequired\":true,\"valueName\":\"search_term_string\"}}],\"inLanguage\":\"sv-SE\"}]}<\/script>\n<!-- \/ Yoast SEO plugin. -->","yoast_head_json":{"title":"Malus domestica \u2013 Gammal \u00e4ppeltr\u00e4d 'Sterappel' \u2013 Grundstam M9 \u2013 45-liters kruka \u2013 ca 2 m \u2013 k\u00f6p | Best\u00e4ll v\u00e4xter enkelt online | Schramas.com","robots":{"index":"index","follow":"follow","max-snippet":"max-snippet:-1","max-image-preview":"max-image-preview:large","max-video-preview":"max-video-preview:-1"},"canonical":"https:\/\/www.schramas.com\/se\/butik\/malus-domestica-gammal-appeltrad-stjarnapple-m9-grundstam-45-liters-kruka-ca-2-m\/","og_locale":"sv_SE","og_type":"article","og_title":"Malus domestica - Oude Appelboom 'Sterappel' - Onderstam M9 - 45L pot - ca. 2m kopen | Planten eenvoudig online bestellen | Schramas.com","og_description":"\u2022 1 x Malus domestica \u2018Stersappel\u2019 \u2013 onderstam M9 \u2013 aromatische zoetzure appels\u2022 Leverhoogte ca. 2 m \u2013 potmaat 45 liter\u2022 Bestuiving nodig, goede combinaties: \u2018Elstar\u2019, \u2018James Grieve\u2019, \u2018Zoete Emgaard\u2019\u2022 Oogst in september\u2013oktober\u2022 Standplaats: zon \u2013 voedzame, goed doorlatende grond\u2022 Winterhard, compacte groei door M9-onderstam\u2022 Verzending: op pallet voor veilig transport","og_url":"https:\/\/www.schramas.com\/se\/butik\/malus-domestica-gammal-appeltrad-stjarnapple-m9-grundstam-45-liters-kruka-ca-2-m\/","og_site_name":"Planten eenvoudig online bestellen | Schramas.com","article_publisher":"https:\/\/www.facebook.com\/Schramascom-106872874153195\/","article_modified_time":"2026-04-03T14:31:29+00:00","og_image":[{"width":1920,"height":2560,"url":"http:\/\/www.schramas.com\/wp-content\/uploads\/2025\/12\/IMG20250822152138-scaled.jpg","type":"image\/jpeg"}],"twitter_card":"summary_large_image","twitter_misc":{"Ber\u00e4knad l\u00e4stid":"1 minut"},"schema":{"@context":"https:\/\/schema.org","@graph":[{"@type":["WebPage","ItemPage"],"@id":"https:\/\/www.schramas.com\/winkel\/malus-domestica-oude-appelboom-stersappel-onderstam-m9-45l-pot-ca-2m\/","url":"https:\/\/www.schramas.com\/winkel\/malus-domestica-oude-appelboom-stersappel-onderstam-m9-45l-pot-ca-2m\/","name":"Malus domestica \u2013 Gammal \u00e4ppeltr\u00e4d 'Sterappel' \u2013 Grundstam M9 \u2013 45-liters kruka \u2013 ca 2 m \u2013 k\u00f6p | Best\u00e4ll v\u00e4xter enkelt online | Schramas.com","isPartOf":{"@id":"https:\/\/www.schramas.com\/#website"},"primaryImageOfPage":{"@id":"https:\/\/www.schramas.com\/winkel\/malus-domestica-oude-appelboom-stersappel-onderstam-m9-45l-pot-ca-2m\/#primaryimage"},"image":{"@id":"https:\/\/www.schramas.com\/winkel\/malus-domestica-oude-appelboom-stersappel-onderstam-m9-45l-pot-ca-2m\/#primaryimage"},"thumbnailUrl":"https:\/\/www.schramas.com\/wp-content\/uploads\/2025\/12\/IMG20250822152138-scaled.jpg","datePublished":"2025-12-09T11:03:02+00:00","dateModified":"2026-04-03T14:31:29+00:00","breadcrumb":{"@id":"https:\/\/www.schramas.com\/winkel\/malus-domestica-oude-appelboom-stersappel-onderstam-m9-45l-pot-ca-2m\/#breadcrumb"},"inLanguage":"sv-SE","potentialAction":[{"@type":"ReadAction","target":["https:\/\/www.schramas.com\/winkel\/malus-domestica-oude-appelboom-stersappel-onderstam-m9-45l-pot-ca-2m\/"]}]},{"@type":"ImageObject","inLanguage":"sv-SE","@id":"https:\/\/www.schramas.com\/winkel\/malus-domestica-oude-appelboom-stersappel-onderstam-m9-45l-pot-ca-2m\/#primaryimage","url":"https:\/\/www.schramas.com\/wp-content\/uploads\/2025\/12\/IMG20250822152138-scaled.jpg","contentUrl":"https:\/\/www.schramas.com\/wp-content\/uploads\/2025\/12\/IMG20250822152138-scaled.jpg","width":1920,"height":2560,"caption":"oplus_3211314"},{"@type":"BreadcrumbList","@id":"https:\/\/www.schramas.com\/winkel\/malus-domestica-oude-appelboom-stersappel-onderstam-m9-45l-pot-ca-2m\/#breadcrumb","itemListElement":[{"@type":"ListItem","position":1,"name":"Product","item":"https:\/\/www.schramas.com\/assortiment\/"},{"@type":"ListItem","position":2,"name":"Bomen &amp; Struiken","item":"https:\/\/www.schramas.com\/product-category\/bomen-struiken\/"},{"@type":"ListItem","position":3,"name":"Fruitbomen","item":"https:\/\/www.schramas.com\/product-category\/bomen-struiken\/fruitbomen\/"},{"@type":"ListItem","position":4,"name":"Oude\/grote fruitbomen","item":"https:\/\/www.schramas.com\/product-category\/bomen-struiken\/fruitbomen\/oude-en-grote-fruitbomen\/"},{"@type":"ListItem","position":5,"name":"Malus domestica &#8211; Oude Appelboom &#8216;Sterappel&#8217; &#8211; Onderstam M9 &#8211; 45L pot &#8211; ca. 2m"}]},{"@type":"WebSite","@id":"https:\/\/www.schramas.com\/#website","url":"https:\/\/www.schramas.com\/","name":"Schramas.com | Tr\u00e4dg\u00e5rdsv\u00e4xter som enkelt kan best\u00e4llas online | Direkt fr\u00e5n v\u00e5r plantskola","description":"","alternateName":"Schramas.com - Alle planten direct van de kweker","potentialAction":[{"@type":"SearchAction","target":{"@type":"EntryPoint","urlTemplate":"https:\/\/www.schramas.com\/?s={search_term_string}"},"query-input":{"@type":"PropertyValueSpecification","valueRequired":true,"valueName":"search_term_string"}}],"inLanguage":"sv-SE"}]}},"_links":{"self":[{"href":"https:\/\/www.schramas.com\/se\/wp-json\/wp\/v2\/product\/63915","targetHints":{"allow":["GET"]}}],"collection":[{"href":"https:\/\/www.schramas.com\/se\/wp-json\/wp\/v2\/product"}],"about":[{"href":"https:\/\/www.schramas.com\/se\/wp-json\/wp\/v2\/types\/product"}],"version-history":[{"count":2,"href":"https:\/\/www.schramas.com\/se\/wp-json\/wp\/v2\/product\/63915\/revisions"}],"predecessor-version":[{"id":64022,"href":"https:\/\/www.schramas.com\/se\/wp-json\/wp\/v2\/product\/63915\/revisions\/64022"}],"wp:featuredmedia":[{"embeddable":true,"href":"https:\/\/www.schramas.com\/se\/wp-json\/wp\/v2\/media\/63916"}],"wp:attachment":[{"href":"https:\/\/www.schramas.com\/se\/wp-json\/wp\/v2\/media?parent=63915"}],"wp:term":[{"taxonomy":"product_brand","embeddable":true,"href":"https:\/\/www.schramas.com\/se\/wp-json\/wp\/v2\/product_brand?post=63915"},{"taxonomy":"product_cat","embeddable":true,"href":"https:\/\/www.schramas.com\/se\/wp-json\/wp\/v2\/product_cat?post=63915"},{"taxonomy":"product_tag","embeddable":true,"href":"https:\/\/www.schramas.com\/se\/wp-json\/wp\/v2\/product_tag?post=63915"}],"curies":[{"name":"wp","href":"https:\/\/api.w.org\/{rel}","templated":true}]}}